{"id":6,"date":"2021-06-17T21:58:51","date_gmt":"2021-06-17T21:58:51","guid":{"rendered":"http:\/\/decorotuevento.es\/?page_id=6"},"modified":"2021-07-08T21:16:21","modified_gmt":"2021-07-08T21:16:21","slug":"acerca-de","status":"publish","type":"page","link":"https:\/\/decorotuevento.es\/","title":{"rendered":"Decoro tu evento by DeCarmen"},"content":{"rendered":"\t\t<div data-elementor-type=\"wp-page\" data-elementor-id=\"6\" class=\"elementor elementor-6\">\n\t\t\t\t\t\t\t\t\t<section class=\"elementor-section elementor-top-section elementor-element elementor-element-1591cd9b elementor-section-boxed elementor-section-height-default elementor-section-height-default\" data-id=\"1591cd9b\" data-element_type=\"section\">\n\t\t\t\t\t\t<div class=\"elementor-container elementor-column-gap-default\">\n\t\t\t\t\t\t\t\t<\/div>\n\t\t<\/section>\n\t\t\t\t<section class=\"elementor-section elementor-top-section elementor-element elementor-element-78d2b35 elementor-section-boxed elementor-section-height-default elementor-section-height-default\" data-id=\"78d2b35\" data-element_type=\"section\">\n\t\t\t\t\t\t<div class=\"elementor-container elementor-column-gap-default\">\n\t\t\t\t\t<div class=\"elementor-column elementor-col-100 elementor-top-column elementor-element elementor-element-81a198f\" data-id=\"81a198f\" data-element_type=\"column\">\n\t\t\t<div class=\"elementor-widget-wrap elementor-element-populated\">\n\t\t\t\t\t\t\t\t<div class=\"elementor-element elementor-element-f852f87 elementor-arrows-position-inside elementor-pagination-position-outside elementor-widget elementor-widget-image-carousel\" data-id=\"f852f87\" data-element_type=\"widget\" data-settings=\"{&quot;navigation&quot;:&quot;both&quot;,&quot;autoplay&quot;:&quot;yes&quot;,&quot;pause_on_hover&quot;:&quot;yes&quot;,&quot;pause_on_interaction&quot;:&quot;yes&quot;,&quot;autoplay_speed&quot;:5000,&quot;infinite&quot;:&quot;yes&quot;,&quot;speed&quot;:500}\" data-widget_type=\"image-carousel.default\">\n\t\t\t\t<div class=\"elementor-widget-container\">\n\t\t\t\t\t<div class=\"elementor-image-carousel-wrapper swiper-container\" dir=\"ltr\">\n\t\t\t<div class=\"elementor-image-carousel swiper-wrapper\">\n\t\t\t\t\t\t\t\t<div class=\"swiper-slide\"><figure class=\"swiper-slide-inner\"><img class=\"swiper-slide-image\" src=\"https:\/\/i2.wp.com\/decorotuevento.es\/wp-content\/uploads\/2021\/06\/banner1.jpg?fit=768%2C378&amp;ssl=1\" alt=\"Decoraci\u00f3n de eventos, fiestas de cumplea\u00f1os, bodas, bautizos, comuniones\" \/><\/figure><\/div>\t\t\t<\/div>\n\t\t\t\t\t<\/div>\n\t\t\t\t<\/div>\n\t\t\t\t<\/div>\n\t\t\t\t\t<\/div>\n\t\t<\/div>\n\t\t\t\t\t\t\t<\/div>\n\t\t<\/section>\n\t\t\t\t<section class=\"elementor-section elementor-top-section elementor-element elementor-element-b22e3e1 elementor-section-boxed elementor-section-height-default elementor-section-height-default\" data-id=\"b22e3e1\" data-element_type=\"section\">\n\t\t\t\t\t\t<div class=\"elementor-container elementor-column-gap-default\">\n\t\t\t\t\t\t\t\t<\/div>\n\t\t<\/section>\n\t\t\t\t<section class=\"elementor-section elementor-top-section elementor-element elementor-element-32c2e27 elementor-section-boxed elementor-section-height-default elementor-section-height-default\" data-id=\"32c2e27\" data-element_type=\"section\">\n\t\t\t\t\t\t<div class=\"elementor-container elementor-column-gap-default\">\n\t\t\t\t\t<div class=\"elementor-column elementor-col-100 elementor-top-column elementor-element elementor-element-39d9b22\" data-id=\"39d9b22\" data-element_type=\"column\">\n\t\t\t<div class=\"elementor-widget-wrap elementor-element-populated\">\n\t\t\t\t\t\t\t\t<div class=\"elementor-element elementor-element-e56d6d1 elementor-widget elementor-widget-image\" data-id=\"e56d6d1\" data-element_type=\"widget\" data-widget_type=\"image.default\">\n\t\t\t\t<div class=\"elementor-widget-container\">\n\t\t\t\t\t\t\t\t\t\t\t\t\t\t\t<img width=\"300\" height=\"300\" src=\"https:\/\/i2.wp.com\/decorotuevento.es\/wp-content\/uploads\/2021\/06\/cropped-Copia-de-Copia-de-Mj-1.jpg?fit=300%2C300&amp;ssl=1\" class=\"attachment-medium size-medium\" alt=\"\" srcset=\"https:\/\/i2.wp.com\/decorotuevento.es\/wp-content\/uploads\/2021\/06\/cropped-Copia-de-Copia-de-Mj-1.jpg?w=500&amp;ssl=1 500w, https:\/\/i2.wp.com\/decorotuevento.es\/wp-content\/uploads\/2021\/06\/cropped-Copia-de-Copia-de-Mj-1.jpg?resize=300%2C300&amp;ssl=1 300w, https:\/\/i2.wp.com\/decorotuevento.es\/wp-content\/uploads\/2021\/06\/cropped-Copia-de-Copia-de-Mj-1.jpg?resize=150%2C150&amp;ssl=1 150w\" sizes=\"(max-width: 300px) 100vw, 300px\" \/>\t\t\t\t\t\t\t\t\t\t\t\t\t\t\t<\/div>\n\t\t\t\t<\/div>\n\t\t\t\t<div class=\"elementor-element elementor-element-d226dde elementor-widget elementor-widget-heading\" data-id=\"d226dde\" data-element_type=\"widget\" data-widget_type=\"heading.default\">\n\t\t\t\t<div class=\"elementor-widget-container\">\n\t\t\t<h2 class=\"elementor-heading-title elementor-size-large\">Sobre nosotros<\/h2>\t\t<\/div>\n\t\t\t\t<\/div>\n\t\t\t\t<div class=\"elementor-element elementor-element-1bd5a52 elementor-widget elementor-widget-text-editor\" data-id=\"1bd5a52\" data-element_type=\"widget\" data-widget_type=\"text-editor.default\">\n\t\t\t\t<div class=\"elementor-widget-container\">\n\t\t\t\t\t\t\t<!-- wp:paragraph -->\n<h4 class=\"mb-md-2\" style=\"text-align: center;\">\u00a0<\/h4>\n<p style=\"text-align: center;\">Decoraciones de Eventos DeCarmen nace tras a\u00f1os de dedicaci\u00f3n a la actividad con cari\u00f1o, con esmero, buscando siempre las novedades, buscando la forma de impactarte a ti, nuestro cliente, y a tus invitados. Apostamos por un trato familiar, cercano pero sobre todo, profesional, discreto y efectivo.<\/p>\n<p class=\"lead text-muted\" style=\"text-align: center;\">\u00a0<\/p>\n<!-- \/wp:paragraph -->\t\t\t\t\t\t<\/div>\n\t\t\t\t<\/div>\n\t\t\t\t<div class=\"elementor-element elementor-element-facd92b elementor-widget elementor-widget-image\" data-id=\"facd92b\" data-element_type=\"widget\" data-widget_type=\"image.default\">\n\t\t\t\t<div class=\"elementor-widget-container\">\n\t\t\t\t\t\t\t\t\t\t\t\t\t\t\t<img width=\"248\" height=\"300\" src=\"https:\/\/i2.wp.com\/decorotuevento.es\/wp-content\/uploads\/2021\/06\/248A0958-1-copia1-scaled.jpg?fit=248%2C300&amp;ssl=1\" class=\"attachment-medium size-medium\" alt=\"\" srcset=\"https:\/\/i2.wp.com\/decorotuevento.es\/wp-content\/uploads\/2021\/06\/248A0958-1-copia1-scaled.jpg?w=2118&amp;ssl=1 2118w, https:\/\/i2.wp.com\/decorotuevento.es\/wp-content\/uploads\/2021\/06\/248A0958-1-copia1-scaled.jpg?resize=248%2C300&amp;ssl=1 248w, https:\/\/i2.wp.com\/decorotuevento.es\/wp-content\/uploads\/2021\/06\/248A0958-1-copia1-scaled.jpg?resize=847%2C1024&amp;ssl=1 847w, https:\/\/i2.wp.com\/decorotuevento.es\/wp-content\/uploads\/2021\/06\/248A0958-1-copia1-scaled.jpg?resize=768%2C928&amp;ssl=1 768w, https:\/\/i2.wp.com\/decorotuevento.es\/wp-content\/uploads\/2021\/06\/248A0958-1-copia1-scaled.jpg?resize=1271%2C1536&amp;ssl=1 1271w, https:\/\/i2.wp.com\/decorotuevento.es\/wp-content\/uploads\/2021\/06\/248A0958-1-copia1-scaled.jpg?resize=1695%2C2048&amp;ssl=1 1695w\" sizes=\"(max-width: 248px) 100vw, 248px\" \/>\t\t\t\t\t\t\t\t\t\t\t\t\t\t\t<\/div>\n\t\t\t\t<\/div>\n\t\t\t\t<div class=\"elementor-element elementor-element-b009d29 elementor-widget elementor-widget-spacer\" data-id=\"b009d29\" data-element_type=\"widget\" data-widget_type=\"spacer.default\">\n\t\t\t\t<div class=\"elementor-widget-container\">\n\t\t\t\t\t<div class=\"elementor-spacer\">\n\t\t\t<div class=\"elementor-spacer-inner\"><\/div>\n\t\t<\/div>\n\t\t\t\t<\/div>\n\t\t\t\t<\/div>\n\t\t\t\t<div class=\"elementor-element elementor-element-dda391f elementor-widget elementor-widget-heading\" data-id=\"dda391f\" data-element_type=\"widget\" data-widget_type=\"heading.default\">\n\t\t\t\t<div class=\"elementor-widget-container\">\n\t\t\t<h2 class=\"elementor-heading-title elementor-size-large\">Nuestros Servicios<br><br>\n\n<\/h2>\t\t<\/div>\n\t\t\t\t<\/div>\n\t\t\t\t\t<\/div>\n\t\t<\/div>\n\t\t\t\t\t\t\t<\/div>\n\t\t<\/section>\n\t\t\t\t<section class=\"elementor-section elementor-top-section elementor-element elementor-element-e49eb41 elementor-section-boxed elementor-section-height-default elementor-section-height-default\" data-id=\"e49eb41\" data-element_type=\"section\">\n\t\t\t\t\t\t\t<div class=\"elementor-background-overlay\"><\/div>\n\t\t\t\t\t\t\t<div class=\"elementor-container elementor-column-gap-default\">\n\t\t\t\t\t<div class=\"elementor-column elementor-col-33 elementor-top-column elementor-element elementor-element-dc1dbeb\" data-id=\"dc1dbeb\" data-element_type=\"column\">\n\t\t\t<div class=\"elementor-widget-wrap elementor-element-populated\">\n\t\t\t\t\t\t\t\t<div class=\"elementor-element elementor-element-9b7028c elementor-widget elementor-widget-image\" data-id=\"9b7028c\" data-element_type=\"widget\" data-widget_type=\"image.default\">\n\t\t\t\t<div class=\"elementor-widget-container\">\n\t\t\t\t\t\t\t\t\t\t\t\t\t\t\t<img width=\"1024\" height=\"576\" src=\"https:\/\/i0.wp.com\/decorotuevento.es\/wp-content\/uploads\/2021\/06\/IMG_20190305_140243_974-scaled.jpg?fit=1024%2C576&amp;ssl=1\" class=\"attachment-large size-large\" alt=\"\" srcset=\"https:\/\/i0.wp.com\/decorotuevento.es\/wp-content\/uploads\/2021\/06\/IMG_20190305_140243_974-scaled.jpg?w=2560&amp;ssl=1 2560w, https:\/\/i0.wp.com\/decorotuevento.es\/wp-content\/uploads\/2021\/06\/IMG_20190305_140243_974-scaled.jpg?resize=300%2C169&amp;ssl=1 300w, https:\/\/i0.wp.com\/decorotuevento.es\/wp-content\/uploads\/2021\/06\/IMG_20190305_140243_974-scaled.jpg?resize=1024%2C576&amp;ssl=1 1024w, https:\/\/i0.wp.com\/decorotuevento.es\/wp-content\/uploads\/2021\/06\/IMG_20190305_140243_974-scaled.jpg?resize=768%2C432&amp;ssl=1 768w, https:\/\/i0.wp.com\/decorotuevento.es\/wp-content\/uploads\/2021\/06\/IMG_20190305_140243_974-scaled.jpg?resize=1536%2C864&amp;ssl=1 1536w, https:\/\/i0.wp.com\/decorotuevento.es\/wp-content\/uploads\/2021\/06\/IMG_20190305_140243_974-scaled.jpg?resize=2048%2C1152&amp;ssl=1 2048w, https:\/\/i0.wp.com\/decorotuevento.es\/wp-content\/uploads\/2021\/06\/IMG_20190305_140243_974-scaled.jpg?w=2400 2400w\" sizes=\"(max-width: 1024px) 100vw, 1024px\" \/>\t\t\t\t\t\t\t\t\t\t\t\t\t\t\t<\/div>\n\t\t\t\t<\/div>\n\t\t\t\t<div class=\"elementor-element elementor-element-cedcf5a elementor-widget elementor-widget-heading\" data-id=\"cedcf5a\" data-element_type=\"widget\" data-widget_type=\"heading.default\">\n\t\t\t\t<div class=\"elementor-widget-container\">\n\t\t\t<h2 class=\"elementor-heading-title elementor-size-large\">Cumplea\u00f1os, fiestas privadas, etc...<\/h2>\t\t<\/div>\n\t\t\t\t<\/div>\n\t\t\t\t<div class=\"elementor-element elementor-element-8bc534f elementor-widget elementor-widget-text-editor\" data-id=\"8bc534f\" data-element_type=\"widget\" data-widget_type=\"text-editor.default\">\n\t\t\t\t<div class=\"elementor-widget-container\">\n\t\t\t\t\t\t\t<p>Organizamos y tematizamos la decoraci\u00f3n de tu fiesta en tu hogar o el local que selecciones con tus gustos, todo para que t\u00fa s\u00f3lo te preocupes de lo m\u00e1s importante, de tus invitados y de disfrutar del momento. Sabemos lo importante que es ese momento para ti..<\/p>\t\t\t\t\t\t<\/div>\n\t\t\t\t<\/div>\n\t\t\t\t\t<\/div>\n\t\t<\/div>\n\t\t\t\t<div class=\"elementor-column elementor-col-33 elementor-top-column elementor-element elementor-element-57f438f\" data-id=\"57f438f\" data-element_type=\"column\">\n\t\t\t<div class=\"elementor-widget-wrap elementor-element-populated\">\n\t\t\t\t\t\t\t\t<div class=\"elementor-element elementor-element-7076b34 elementor-widget elementor-widget-image\" data-id=\"7076b34\" data-element_type=\"widget\" data-widget_type=\"image.default\">\n\t\t\t\t<div class=\"elementor-widget-container\">\n\t\t\t\t\t\t\t\t\t\t\t\t\t\t\t<img width=\"1024\" height=\"576\" src=\"https:\/\/i0.wp.com\/decorotuevento.es\/wp-content\/uploads\/2021\/06\/IMG_20200913_135216_413-scaled.jpg?fit=1024%2C576&amp;ssl=1\" class=\"attachment-large size-large\" alt=\"\" srcset=\"https:\/\/i0.wp.com\/decorotuevento.es\/wp-content\/uploads\/2021\/06\/IMG_20200913_135216_413-scaled.jpg?w=2560&amp;ssl=1 2560w, https:\/\/i0.wp.com\/decorotuevento.es\/wp-content\/uploads\/2021\/06\/IMG_20200913_135216_413-scaled.jpg?resize=300%2C169&amp;ssl=1 300w, https:\/\/i0.wp.com\/decorotuevento.es\/wp-content\/uploads\/2021\/06\/IMG_20200913_135216_413-scaled.jpg?resize=1024%2C576&amp;ssl=1 1024w, https:\/\/i0.wp.com\/decorotuevento.es\/wp-content\/uploads\/2021\/06\/IMG_20200913_135216_413-scaled.jpg?resize=768%2C432&amp;ssl=1 768w, https:\/\/i0.wp.com\/decorotuevento.es\/wp-content\/uploads\/2021\/06\/IMG_20200913_135216_413-scaled.jpg?resize=1536%2C864&amp;ssl=1 1536w, https:\/\/i0.wp.com\/decorotuevento.es\/wp-content\/uploads\/2021\/06\/IMG_20200913_135216_413-scaled.jpg?resize=2048%2C1152&amp;ssl=1 2048w, https:\/\/i0.wp.com\/decorotuevento.es\/wp-content\/uploads\/2021\/06\/IMG_20200913_135216_413-scaled.jpg?w=2400 2400w\" sizes=\"(max-width: 1024px) 100vw, 1024px\" \/>\t\t\t\t\t\t\t\t\t\t\t\t\t\t\t<\/div>\n\t\t\t\t<\/div>\n\t\t\t\t<div class=\"elementor-element elementor-element-4b6ebed elementor-widget elementor-widget-heading\" data-id=\"4b6ebed\" data-element_type=\"widget\" data-widget_type=\"heading.default\">\n\t\t\t\t<div class=\"elementor-widget-container\">\n\t\t\t<h2 class=\"elementor-heading-title elementor-size-large\">Decoraci\u00f3n de bodas, bautizos, comuniones, etc...<\/h2>\t\t<\/div>\n\t\t\t\t<\/div>\n\t\t\t\t<div class=\"elementor-element elementor-element-c206adf elementor-widget elementor-widget-text-editor\" data-id=\"c206adf\" data-element_type=\"widget\" data-widget_type=\"text-editor.default\">\n\t\t\t\t<div class=\"elementor-widget-container\">\n\t\t\t\t\t\t\t<p>Nos adaptamos al trabajo y al local donde se celebre el evento, realizaremos previamente un proyecto estudiando los gustos, las necesidades, el local para que todo salga&#8230;. PERFECTO<\/p>\t\t\t\t\t\t<\/div>\n\t\t\t\t<\/div>\n\t\t\t\t\t<\/div>\n\t\t<\/div>\n\t\t\t\t<div class=\"elementor-column elementor-col-33 elementor-top-column elementor-element elementor-element-09b74da\" data-id=\"09b74da\" data-element_type=\"column\">\n\t\t\t<div class=\"elementor-widget-wrap elementor-element-populated\">\n\t\t\t\t\t\t\t\t<div class=\"elementor-element elementor-element-9550388 elementor-widget elementor-widget-image\" data-id=\"9550388\" data-element_type=\"widget\" data-widget_type=\"image.default\">\n\t\t\t\t<div class=\"elementor-widget-container\">\n\t\t\t\t\t\t\t\t\t\t\t\t\t\t\t<img src=\"https:\/\/i0.wp.com\/decorotuevento.es\/wp-content\/uploads\/2021\/06\/cumplean\u0303os-e1625522220315.jpg?fit=1024%2C580&amp;ssl=1\" title=\"Mesa dulce cumplea\u00f1os\" alt=\"Mesas dulces para cumplea\u00f1os\" \/>\t\t\t\t\t\t\t\t\t\t\t\t\t\t\t<\/div>\n\t\t\t\t<\/div>\n\t\t\t\t<div class=\"elementor-element elementor-element-50bf639 elementor-widget elementor-widget-heading\" data-id=\"50bf639\" data-element_type=\"widget\" data-widget_type=\"heading.default\">\n\t\t\t\t<div class=\"elementor-widget-container\">\n\t\t\t<h2 class=\"elementor-heading-title elementor-size-large\">Mesas dulces<\/h2>\t\t<\/div>\n\t\t\t\t<\/div>\n\t\t\t\t<div class=\"elementor-element elementor-element-80ca4c8 elementor-widget elementor-widget-text-editor\" data-id=\"80ca4c8\" data-element_type=\"widget\" data-widget_type=\"text-editor.default\">\n\t\t\t\t<div class=\"elementor-widget-container\">\n\t\t\t\t\t\t\t<p>Podr\u00e1s contratar tus <strong>MESAS DULCES <\/strong>\u00a0para disfrutar de tu fiesta so\u00f1ada, nosotros nos encargamos de todo para que tu puedas disfrutar al m\u00e1ximo el gran d\u00eda . Mesas tematizadas para cualquier tipo de evento. Cu\u00e9ntanos tu idea y te asesoramos sin ning\u00fan compromiso.<\/p>\t\t\t\t\t\t<\/div>\n\t\t\t\t<\/div>\n\t\t\t\t\t<\/div>\n\t\t<\/div>\n\t\t\t\t\t\t\t<\/div>\n\t\t<\/section>\n\t\t\t\t<section class=\"elementor-section elementor-top-section elementor-element elementor-element-da15383 elementor-section-boxed elementor-section-height-default elementor-section-height-default\" data-id=\"da15383\" data-element_type=\"section\">\n\t\t\t\t\t\t<div class=\"elementor-container elementor-column-gap-default\">\n\t\t\t\t\t<div class=\"elementor-column elementor-col-33 elementor-top-column elementor-element elementor-element-b464845\" data-id=\"b464845\" data-element_type=\"column\">\n\t\t\t<div class=\"elementor-widget-wrap elementor-element-populated\">\n\t\t\t\t\t\t\t\t<div class=\"elementor-element elementor-element-7baab69 elementor-widget elementor-widget-image\" data-id=\"7baab69\" data-element_type=\"widget\" data-widget_type=\"image.default\">\n\t\t\t\t<div class=\"elementor-widget-container\">\n\t\t\t\t\t\t\t\t\t\t\t\t\t\t\t<img width=\"1024\" height=\"576\" src=\"https:\/\/i0.wp.com\/decorotuevento.es\/wp-content\/uploads\/2021\/06\/IMG_20210426_170448_122-scaled.jpg?fit=1024%2C576&amp;ssl=1\" class=\"attachment-large size-large\" alt=\"\" srcset=\"https:\/\/i0.wp.com\/decorotuevento.es\/wp-content\/uploads\/2021\/06\/IMG_20210426_170448_122-scaled.jpg?w=2560&amp;ssl=1 2560w, https:\/\/i0.wp.com\/decorotuevento.es\/wp-content\/uploads\/2021\/06\/IMG_20210426_170448_122-scaled.jpg?resize=300%2C169&amp;ssl=1 300w, https:\/\/i0.wp.com\/decorotuevento.es\/wp-content\/uploads\/2021\/06\/IMG_20210426_170448_122-scaled.jpg?resize=1024%2C576&amp;ssl=1 1024w, https:\/\/i0.wp.com\/decorotuevento.es\/wp-content\/uploads\/2021\/06\/IMG_20210426_170448_122-scaled.jpg?resize=768%2C432&amp;ssl=1 768w, https:\/\/i0.wp.com\/decorotuevento.es\/wp-content\/uploads\/2021\/06\/IMG_20210426_170448_122-scaled.jpg?resize=1536%2C864&amp;ssl=1 1536w, https:\/\/i0.wp.com\/decorotuevento.es\/wp-content\/uploads\/2021\/06\/IMG_20210426_170448_122-scaled.jpg?resize=2048%2C1152&amp;ssl=1 2048w, https:\/\/i0.wp.com\/decorotuevento.es\/wp-content\/uploads\/2021\/06\/IMG_20210426_170448_122-scaled.jpg?w=2400 2400w\" sizes=\"(max-width: 1024px) 100vw, 1024px\" \/>\t\t\t\t\t\t\t\t\t\t\t\t\t\t\t<\/div>\n\t\t\t\t<\/div>\n\t\t\t\t<div class=\"elementor-element elementor-element-2f52c5c elementor-widget elementor-widget-heading\" data-id=\"2f52c5c\" data-element_type=\"widget\" data-widget_type=\"heading.default\">\n\t\t\t\t<div class=\"elementor-widget-container\">\n\t\t\t<h2 class=\"elementor-heading-title elementor-size-large\">Productos decorativos personalizados<\/h2>\t\t<\/div>\n\t\t\t\t<\/div>\n\t\t\t\t<div class=\"elementor-element elementor-element-471866d elementor-widget elementor-widget-text-editor\" data-id=\"471866d\" data-element_type=\"widget\" data-widget_type=\"text-editor.default\">\n\t\t\t\t<div class=\"elementor-widget-container\">\n\t\t\t\t\t\t\t<p style=\"text-align: center;\">Realizamos productos decorativos a medida. Solicita presupuesto sobre tu proyecto.<\/p>\t\t\t\t\t\t<\/div>\n\t\t\t\t<\/div>\n\t\t\t\t\t<\/div>\n\t\t<\/div>\n\t\t\t\t<div class=\"elementor-column elementor-col-33 elementor-top-column elementor-element elementor-element-c6b79aa\" data-id=\"c6b79aa\" data-element_type=\"column\">\n\t\t\t<div class=\"elementor-widget-wrap elementor-element-populated\">\n\t\t\t\t\t\t\t\t<div class=\"elementor-element elementor-element-353cd64 elementor-widget elementor-widget-image\" data-id=\"353cd64\" data-element_type=\"widget\" data-widget_type=\"image.default\">\n\t\t\t\t<div class=\"elementor-widget-container\">\n\t\t\t\t\t\t\t\t\t\t\t\t\t\t\t<img width=\"1024\" height=\"635\" src=\"https:\/\/i1.wp.com\/decorotuevento.es\/wp-content\/uploads\/2021\/06\/EFEF03A5-B841-49B3-8CD9-698561974A7D-e1550580214904.jpeg?fit=1024%2C635&amp;ssl=1\" class=\"attachment-large size-large\" alt=\"\" srcset=\"https:\/\/i1.wp.com\/decorotuevento.es\/wp-content\/uploads\/2021\/06\/EFEF03A5-B841-49B3-8CD9-698561974A7D-e1550580214904.jpeg?w=1600&amp;ssl=1 1600w, https:\/\/i1.wp.com\/decorotuevento.es\/wp-content\/uploads\/2021\/06\/EFEF03A5-B841-49B3-8CD9-698561974A7D-e1550580214904.jpeg?resize=300%2C186&amp;ssl=1 300w, https:\/\/i1.wp.com\/decorotuevento.es\/wp-content\/uploads\/2021\/06\/EFEF03A5-B841-49B3-8CD9-698561974A7D-e1550580214904.jpeg?resize=1024%2C635&amp;ssl=1 1024w, https:\/\/i1.wp.com\/decorotuevento.es\/wp-content\/uploads\/2021\/06\/EFEF03A5-B841-49B3-8CD9-698561974A7D-e1550580214904.jpeg?resize=768%2C476&amp;ssl=1 768w, https:\/\/i1.wp.com\/decorotuevento.es\/wp-content\/uploads\/2021\/06\/EFEF03A5-B841-49B3-8CD9-698561974A7D-e1550580214904.jpeg?resize=1536%2C952&amp;ssl=1 1536w\" sizes=\"(max-width: 1024px) 100vw, 1024px\" \/>\t\t\t\t\t\t\t\t\t\t\t\t\t\t\t<\/div>\n\t\t\t\t<\/div>\n\t\t\t\t<div class=\"elementor-element elementor-element-b4f9948 elementor-widget elementor-widget-heading\" data-id=\"b4f9948\" data-element_type=\"widget\" data-widget_type=\"heading.default\">\n\t\t\t\t<div class=\"elementor-widget-container\">\n\t\t\t<h2 class=\"elementor-heading-title elementor-size-large\">Decoraci\u00f3n de locales<\/h2>\t\t<\/div>\n\t\t\t\t<\/div>\n\t\t\t\t<div class=\"elementor-element elementor-element-adf8de5 elementor-widget elementor-widget-text-editor\" data-id=\"adf8de5\" data-element_type=\"widget\" data-widget_type=\"text-editor.default\">\n\t\t\t\t<div class=\"elementor-widget-container\">\n\t\t\t\t\t\t\t<p style=\"text-align: center;\">Decora tu negocio para un evento concreto, una presentaci\u00f3n o para una promoci\u00f3n.<\/p>\t\t\t\t\t\t<\/div>\n\t\t\t\t<\/div>\n\t\t\t\t\t<\/div>\n\t\t<\/div>\n\t\t\t\t<div class=\"elementor-column elementor-col-33 elementor-top-column elementor-element elementor-element-726559f\" data-id=\"726559f\" data-element_type=\"column\">\n\t\t\t<div class=\"elementor-widget-wrap elementor-element-populated\">\n\t\t\t\t\t\t\t\t<div class=\"elementor-element elementor-element-9575ea8 elementor-widget elementor-widget-image\" data-id=\"9575ea8\" data-element_type=\"widget\" data-widget_type=\"image.default\">\n\t\t\t\t<div class=\"elementor-widget-container\">\n\t\t\t\t\t\t\t\t\t\t\t\t\t\t\t<img src=\"https:\/\/i2.wp.com\/decorotuevento.es\/wp-content\/uploads\/2021\/07\/stroller-915928_640.jpg?fit=300%2C200&amp;ssl=1\" title=\"Baby shower fiestas decoro tu evento decoraci\u00f3n\" alt=\"Baby shower fiestas decoro tu evento decoraci\u00f3n\" \/>\t\t\t\t\t\t\t\t\t\t\t\t\t\t\t<\/div>\n\t\t\t\t<\/div>\n\t\t\t\t<div class=\"elementor-element elementor-element-20b0518 elementor-widget elementor-widget-heading\" data-id=\"20b0518\" data-element_type=\"widget\" data-widget_type=\"heading.default\">\n\t\t\t\t<div class=\"elementor-widget-container\">\n\t\t\t<h2 class=\"elementor-heading-title elementor-size-large\">Fiestas baby shower<\/h2>\t\t<\/div>\n\t\t\t\t<\/div>\n\t\t\t\t<div class=\"elementor-element elementor-element-f132548 elementor-widget elementor-widget-text-editor\" data-id=\"f132548\" data-element_type=\"widget\" data-widget_type=\"text-editor.default\">\n\t\t\t\t<div class=\"elementor-widget-container\">\n\t\t\t\t\t\t\t<p>\u00bfSer\u00e1 ni\u00f1o? \u00bfSer\u00e1 ni\u00f1a? Decoramos tu fiesta baby shower para que sea un d\u00eda especial para vosotros.<\/p>\t\t\t\t\t\t<\/div>\n\t\t\t\t<\/div>\n\t\t\t\t\t<\/div>\n\t\t<\/div>\n\t\t\t\t\t\t\t<\/div>\n\t\t<\/section>\n\t\t\t\t<section class=\"elementor-section elementor-top-section elementor-element elementor-element-54e712e elementor-section-boxed elementor-section-height-default elementor-section-height-default\" data-id=\"54e712e\" data-element_type=\"section\">\n\t\t\t\t\t\t<div class=\"elementor-container elementor-column-gap-default\">\n\t\t\t\t\t<div class=\"elementor-column elementor-col-100 elementor-top-column elementor-element elementor-element-d30bfe6\" data-id=\"d30bfe6\" data-element_type=\"column\">\n\t\t\t<div class=\"elementor-widget-wrap elementor-element-populated\">\n\t\t\t\t\t\t\t\t<div class=\"elementor-element elementor-element-adeafe9 elementor-widget elementor-widget-heading\" data-id=\"adeafe9\" data-element_type=\"widget\" data-widget_type=\"heading.default\">\n\t\t\t\t<div class=\"elementor-widget-container\">\n\t\t\t<h2 class=\"elementor-heading-title elementor-size-large\">Proyectos<\/h2>\t\t<\/div>\n\t\t\t\t<\/div>\n\t\t\t\t<div class=\"elementor-element elementor-element-3fc0961f elementor-widget elementor-widget-text-editor\" data-id=\"3fc0961f\" data-element_type=\"widget\" data-widget_type=\"text-editor.default\">\n\t\t\t\t<div class=\"elementor-widget-container\">\n\t\t\t\t\t\t\t<!-- wp:paragraph -->\n<h4 class=\"mb-md-2\" style=\"text-align: center;\">\u00a0<\/h4>\n<p style=\"text-align: center;\">Tipos de clientes y trabajos: particulares, empresas p\u00fablicas de cualquier \u00e1mbito, ayuntamientos, empresas privadas, empresas tecnol\u00f3gicas, deportivas, de alimentaci\u00f3n, grandes superficies. Grandes celebraciones, bodas, comuniones, bautizos, fiestas privadas, eventos tematizados, cumplea\u00f1os, aniversarios, babyshower y un largo etc&#8230;<\/p>\n<p class=\"lead text-muted\" style=\"text-align: center;\">\u00a0<\/p>\n<!-- \/wp:paragraph -->\t\t\t\t\t\t<\/div>\n\t\t\t\t<\/div>\n\t\t\t\t\t<\/div>\n\t\t<\/div>\n\t\t\t\t\t\t\t<\/div>\n\t\t<\/section>\n\t\t\t\t<section class=\"elementor-section elementor-top-section elementor-element elementor-element-1633b36 elementor-section-boxed elementor-section-height-default elementor-section-height-default\" data-id=\"1633b36\" data-element_type=\"section\">\n\t\t\t\t\t\t<div class=\"elementor-container elementor-column-gap-default\">\n\t\t\t\t\t<div class=\"elementor-column elementor-col-100 elementor-top-column elementor-element elementor-element-a9308a6\" data-id=\"a9308a6\" data-element_type=\"column\">\n\t\t\t<div class=\"elementor-widget-wrap elementor-element-populated\">\n\t\t\t\t\t\t\t\t<section class=\"elementor-section elementor-inner-section elementor-element elementor-element-d84112c elementor-section-boxed elementor-section-height-default elementor-section-height-default\" data-id=\"d84112c\" data-element_type=\"section\">\n\t\t\t\t\t\t<div class=\"elementor-container elementor-column-gap-default\">\n\t\t\t\t\t<div class=\"elementor-column elementor-col-50 elementor-inner-column elementor-element elementor-element-cd7c317\" data-id=\"cd7c317\" data-element_type=\"column\">\n\t\t\t<div class=\"elementor-widget-wrap elementor-element-populated\">\n\t\t\t\t\t\t\t\t<div class=\"elementor-element elementor-element-d31460c elementor-widget elementor-widget-image\" data-id=\"d31460c\" data-element_type=\"widget\" data-widget_type=\"image.default\">\n\t\t\t\t<div class=\"elementor-widget-container\">\n\t\t\t\t\t\t\t\t\t\t\t\t\t\t\t<img width=\"555\" height=\"555\" src=\"https:\/\/i0.wp.com\/decorotuevento.es\/wp-content\/uploads\/2021\/06\/de-carmen-mock.jpg?fit=555%2C555&amp;ssl=1\" class=\"attachment-large size-large\" alt=\"\" \/>\t\t\t\t\t\t\t\t\t\t\t\t\t\t\t<\/div>\n\t\t\t\t<\/div>\n\t\t\t\t\t<\/div>\n\t\t<\/div>\n\t\t\t\t<div class=\"elementor-column elementor-col-50 elementor-inner-column elementor-element elementor-element-79d24cd\" data-id=\"79d24cd\" data-element_type=\"column\">\n\t\t\t<div class=\"elementor-widget-wrap elementor-element-populated\">\n\t\t\t\t\t\t\t\t<div class=\"elementor-element elementor-element-27291e9 elementor-widget elementor-widget-heading\" data-id=\"27291e9\" data-element_type=\"widget\" data-widget_type=\"heading.default\">\n\t\t\t\t<div class=\"elementor-widget-container\">\n\t\t\t<h2 class=\"elementor-heading-title elementor-size-large\">\u00bfC\u00f3mo lo hacemos?<\/h2>\t\t<\/div>\n\t\t\t\t<\/div>\n\t\t\t\t<div class=\"elementor-element elementor-element-916ca77 elementor-widget elementor-widget-text-editor\" data-id=\"916ca77\" data-element_type=\"widget\" data-widget_type=\"text-editor.default\">\n\t\t\t\t<div class=\"elementor-widget-container\">\n\t\t\t\t\t\t\t<h4 class=\"mb-4 \" style=\"text-align: center;\">\u00a0<\/h4>\n<p class=\"text-muted\" style=\"text-align: center;\">Trabajar con nosotros es muy f\u00e1cil. Ponte en contacto, cu\u00e9ntanos tu idea. Te asesoramos y le damos forma, te facilitamos un presupuesto y lo llevamos a la pr\u00e1ctica para que el d\u00eda que lo necesites, todo salga PERFECTO.<\/p>\t\t\t\t\t\t<\/div>\n\t\t\t\t<\/div>\n\t\t\t\t\t<\/div>\n\t\t<\/div>\n\t\t\t\t\t\t\t<\/div>\n\t\t<\/section>\n\t\t\t\t<div class=\"elementor-element elementor-element-8f1c9cf elementor-widget elementor-widget-spacer\" data-id=\"8f1c9cf\" data-element_type=\"widget\" data-widget_type=\"spacer.default\">\n\t\t\t\t<div class=\"elementor-widget-container\">\n\t\t\t\t\t<div class=\"elementor-spacer\">\n\t\t\t<div class=\"elementor-spacer-inner\"><\/div>\n\t\t<\/div>\n\t\t\t\t<\/div>\n\t\t\t\t<\/div>\n\t\t\t\t\t<\/div>\n\t\t<\/div>\n\t\t\t\t\t\t\t<\/div>\n\t\t<\/section>\n\t\t\t\t<section class=\"elementor-section elementor-top-section elementor-element elementor-element-ef7b074 elementor-section-boxed elementor-section-height-default elementor-section-height-default\" data-id=\"ef7b074\" data-element_type=\"section\">\n\t\t\t\t\t\t<div class=\"elementor-container elementor-column-gap-default\">\n\t\t\t\t\t<div class=\"elementor-column elementor-col-100 elementor-top-column elementor-element elementor-element-bfa54a2\" data-id=\"bfa54a2\" data-element_type=\"column\">\n\t\t\t<div class=\"elementor-widget-wrap elementor-element-populated\">\n\t\t\t\t\t\t\t\t<section class=\"elementor-section elementor-inner-section elementor-element elementor-element-0921b4b elementor-section-boxed elementor-section-height-default elementor-section-height-default\" data-id=\"0921b4b\" data-element_type=\"section\">\n\t\t\t\t\t\t<div class=\"elementor-container elementor-column-gap-default\">\n\t\t\t\t\t<div class=\"elementor-column elementor-col-50 elementor-inner-column elementor-element elementor-element-2e6998b\" data-id=\"2e6998b\" data-element_type=\"column\">\n\t\t\t<div class=\"elementor-widget-wrap elementor-element-populated\">\n\t\t\t\t\t\t\t\t<div class=\"elementor-element elementor-element-8861652 elementor-widget elementor-widget-heading\" data-id=\"8861652\" data-element_type=\"widget\" data-widget_type=\"heading.default\">\n\t\t\t\t<div class=\"elementor-widget-container\">\n\t\t\t<h2 class=\"elementor-heading-title elementor-size-large\">Nuestro objetivo<\/h2>\t\t<\/div>\n\t\t\t\t<\/div>\n\t\t\t\t<div class=\"elementor-element elementor-element-34c2f37 elementor-widget elementor-widget-text-editor\" data-id=\"34c2f37\" data-element_type=\"widget\" data-widget_type=\"text-editor.default\">\n\t\t\t\t<div class=\"elementor-widget-container\">\n\t\t\t\t\t\t\t<h4 class=\"mb-4\" style=\"text-align: center;\">\u00a0<\/h4>\n<p class=\"text-muted\" style=\"text-align: center;\">Nuestro objetivo es conseguir que tu evento salga como hab\u00edas pensado, aportando ese toque profesional en la decoraci\u00f3n y en los peque\u00f1os detalles que tus invitados, clientes, proveedores, amigos o familiares se merecen. D\u00e9jalo en nuestras manos. \u00a1Todo saldr\u00e1 perfecto!<\/p>\t\t\t\t\t\t<\/div>\n\t\t\t\t<\/div>\n\t\t\t\t\t<\/div>\n\t\t<\/div>\n\t\t\t\t<div class=\"elementor-column elementor-col-50 elementor-inner-column elementor-element elementor-element-d57774c\" data-id=\"d57774c\" data-element_type=\"column\">\n\t\t\t<div class=\"elementor-widget-wrap elementor-element-populated\">\n\t\t\t\t\t\t\t\t<div class=\"elementor-element elementor-element-a10f1af elementor-widget elementor-widget-image\" data-id=\"a10f1af\" data-element_type=\"widget\" data-widget_type=\"image.default\">\n\t\t\t\t<div class=\"elementor-widget-container\">\n\t\t\t\t\t\t\t\t\t\t\t\t\t\t\t<img src=\"https:\/\/i2.wp.com\/decorotuevento.es\/wp-content\/uploads\/2021\/06\/IMG_20210407_144128_3964-scaled.jpg?w=1200&#038;ssl=1\" title=\"Decoraci\u00f3n de comunion Madrid y Toledo\" alt=\"Decoraci\u00f3n de comuniones en Madrid y Toledo,\" data-recalc-dims=\"1\" \/>\t\t\t\t\t\t\t\t\t\t\t\t\t\t\t<\/div>\n\t\t\t\t<\/div>\n\t\t\t\t\t<\/div>\n\t\t<\/div>\n\t\t\t\t\t\t\t<\/div>\n\t\t<\/section>\n\t\t\t\t<div class=\"elementor-element elementor-element-4dc7aad elementor-widget elementor-widget-spacer\" data-id=\"4dc7aad\" data-element_type=\"widget\" data-widget_type=\"spacer.default\">\n\t\t\t\t<div class=\"elementor-widget-container\">\n\t\t\t\t\t<div class=\"elementor-spacer\">\n\t\t\t<div class=\"elementor-spacer-inner\"><\/div>\n\t\t<\/div>\n\t\t\t\t<\/div>\n\t\t\t\t<\/div>\n\t\t\t\t\t<\/div>\n\t\t<\/div>\n\t\t\t\t\t\t\t<\/div>\n\t\t<\/section>\n\t\t\t\t<section class=\"elementor-section elementor-top-section elementor-element elementor-element-1772ff9 elementor-section-boxed elementor-section-height-default elementor-section-height-default\" data-id=\"1772ff9\" data-element_type=\"section\">\n\t\t\t\t\t\t<div class=\"elementor-container elementor-column-gap-default\">\n\t\t\t\t\t<div class=\"elementor-column elementor-col-100 elementor-top-column elementor-element elementor-element-f4c9f20\" data-id=\"f4c9f20\" data-element_type=\"column\">\n\t\t\t<div class=\"elementor-widget-wrap elementor-element-populated\">\n\t\t\t\t\t\t\t\t<section class=\"elementor-section elementor-inner-section elementor-element elementor-element-4828855 elementor-section-boxed elementor-section-height-default elementor-section-height-default\" data-id=\"4828855\" data-element_type=\"section\">\n\t\t\t\t\t\t<div class=\"elementor-container elementor-column-gap-default\">\n\t\t\t\t\t<div class=\"elementor-column elementor-col-50 elementor-inner-column elementor-element elementor-element-68e32fa\" data-id=\"68e32fa\" data-element_type=\"column\">\n\t\t\t<div class=\"elementor-widget-wrap elementor-element-populated\">\n\t\t\t\t\t\t\t\t<div class=\"elementor-element elementor-element-8b479ab elementor-widget elementor-widget-image\" data-id=\"8b479ab\" data-element_type=\"widget\" data-widget_type=\"image.default\">\n\t\t\t\t<div class=\"elementor-widget-container\">\n\t\t\t\t\t\t\t\t\t\t\t\t\t\t\t<img src=\"https:\/\/i1.wp.com\/decorotuevento.es\/wp-content\/uploads\/2021\/06\/Decoracion-de-eventos-Toledo-Madrid-Espana-1.jpg?w=1200&#038;ssl=1\" title=\"Decoracion de eventos Toledo Madrid Espa\u00f1a\" alt=\"Decoracion de eventos Toledo Madrid Espa\u00f1a\" data-recalc-dims=\"1\" \/>\t\t\t\t\t\t\t\t\t\t\t\t\t\t\t<\/div>\n\t\t\t\t<\/div>\n\t\t\t\t\t<\/div>\n\t\t<\/div>\n\t\t\t\t<div class=\"elementor-column elementor-col-50 elementor-inner-column elementor-element elementor-element-2e428b1\" data-id=\"2e428b1\" data-element_type=\"column\">\n\t\t\t<div class=\"elementor-widget-wrap elementor-element-populated\">\n\t\t\t\t\t\t\t\t<div class=\"elementor-element elementor-element-5c1cc0f elementor-widget elementor-widget-heading\" data-id=\"5c1cc0f\" data-element_type=\"widget\" data-widget_type=\"heading.default\">\n\t\t\t\t<div class=\"elementor-widget-container\">\n\t\t\t<h2 class=\"elementor-heading-title elementor-size-large\">Localizaci\u00f3n<\/h2>\t\t<\/div>\n\t\t\t\t<\/div>\n\t\t\t\t<div class=\"elementor-element elementor-element-f98b9f9 elementor-widget elementor-widget-text-editor\" data-id=\"f98b9f9\" data-element_type=\"widget\" data-widget_type=\"text-editor.default\">\n\t\t\t\t<div class=\"elementor-widget-container\">\n\t\t\t\t\t\t\t<p>\u00a0<\/p>\n<p class=\"text-muted\" style=\"text-align: center;\">Nuestro radio de acci\u00f3n principal es la provincia de Toledo y la Comunidad de Madrid, aunque dependiendo del tipo de proyecto podemos trabajar por todo el pa\u00eds.<\/p>\t\t\t\t\t\t<\/div>\n\t\t\t\t<\/div>\n\t\t\t\t\t<\/div>\n\t\t<\/div>\n\t\t\t\t\t\t\t<\/div>\n\t\t<\/section>\n\t\t\t\t<div class=\"elementor-element elementor-element-fc1f10b elementor-widget elementor-widget-spacer\" data-id=\"fc1f10b\" data-element_type=\"widget\" data-widget_type=\"spacer.default\">\n\t\t\t\t<div class=\"elementor-widget-container\">\n\t\t\t\t\t<div class=\"elementor-spacer\">\n\t\t\t<div class=\"elementor-spacer-inner\"><\/div>\n\t\t<\/div>\n\t\t\t\t<\/div>\n\t\t\t\t<\/div>\n\t\t\t\t\t<\/div>\n\t\t<\/div>\n\t\t\t\t\t\t\t<\/div>\n\t\t<\/section>\n\t\t\t\t<section class=\"elementor-section elementor-top-section elementor-element elementor-element-61a72d1 elementor-section-full_width elementor-section-height-default elementor-section-height-default\" data-id=\"61a72d1\" data-element_type=\"section\">\n\t\t\t\t\t\t<div class=\"elementor-container elementor-column-gap-default\">\n\t\t\t\t\t<div class=\"elementor-column elementor-col-100 elementor-top-column elementor-element elementor-element-cd39d66\" data-id=\"cd39d66\" data-element_type=\"column\">\n\t\t\t<div class=\"elementor-widget-wrap elementor-element-populated\">\n\t\t\t\t\t\t\t\t<div class=\"elementor-element elementor-element-d19f684 elementor-widget elementor-widget-heading\" data-id=\"d19f684\" data-element_type=\"widget\" data-widget_type=\"heading.default\">\n\t\t\t\t<div class=\"elementor-widget-container\">\n\t\t\t<h2 class=\"elementor-heading-title elementor-size-large\">Galer\u00eda de im\u00e1genes<\/h2>\t\t<\/div>\n\t\t\t\t<\/div>\n\t\t\t\t<div class=\"elementor-element elementor-element-f0d199d elementor-widget elementor-widget-text-editor\" data-id=\"f0d199d\" data-element_type=\"widget\" data-widget_type=\"text-editor.default\">\n\t\t\t\t<div class=\"elementor-widget-container\">\n\t\t\t\t\t\t\t<!-- wp:paragraph -->\n<h4 class=\"mb-md-2\" style=\"text-align: center;\">\u00a0<\/h4>\n<p style=\"text-align: center;\">En la siguiente galer\u00eda puedes ver algunos de nuestros trabajos como decoraci\u00f3n de bodas, decoraci\u00f3n de comuniones, mesas dulces, decoraci\u00f3n de baby shower, decoraci\u00f3n de eventos, decoraci\u00f3n de locales, decoraci\u00f3n de fiestas privadas&#8230;<\/p>\n<!-- \/wp:paragraph -->\t\t\t\t\t\t<\/div>\n\t\t\t\t<\/div>\n\t\t\t\t<div class=\"elementor-element elementor-element-03e55df elementor-grid-3 elementor-grid-tablet-2 elementor-grid-mobile-1 eael-fg-card-content-align-left elementor-widget elementor-widget-eael-filterable-gallery\" data-id=\"03e55df\" data-element_type=\"widget\" data-settings=\"{&quot;pagination&quot;:&quot;yes&quot;,&quot;columns&quot;:&quot;3&quot;,&quot;columns_tablet&quot;:&quot;2&quot;,&quot;columns_mobile&quot;:&quot;1&quot;,&quot;photo_gallery&quot;:&quot;yes&quot;}\" data-widget_type=\"eael-filterable-gallery.default\">\n\t\t\t\t<div class=\"elementor-widget-container\">\n\t\t\t        <div id=\"eael-filter-gallery-wrapper-03e55df\" class=\"eael-filter-gallery-wrapper\" data-layout-mode=\"layout_3\" data-mfp_caption=\"\">\n            \n                        <div class=\"fg-layout-3-filters-wrap\">\n                <div class=\"fg-filter-wrap\">\n                    <button id=\"fg-filter-trigger\" class=\"fg-filter-trigger\">\n                        <span>\n                            Todo                        <\/span>\n                        <i class=\"fas fa-angle-down\"><\/i>\n                    <\/button>\n                    <ul class=\"fg-layout-3-filter-controls\">\n                                                    <li class=\"control active\" data-filter=\"*\">Todo<\/li>\n                                                \n                                                    <li class=\"control \" data-filter=\".eael-cf-decoraci\u00c3\u00b3n-de-bodas\">Decoraci\u00f3n de bodas<\/li>\n                                                    <li class=\"control \" data-filter=\".eael-cf-decoraci\u00c3\u00b3n-de-cumplea\u00c3\u00b1os\">Decoraci\u00f3n de cumplea\u00f1os<\/li>\n                                                    <li class=\"control \" data-filter=\".eael-cf-mesas-dulces\">Mesas dulces<\/li>\n                                                    <li class=\"control \" data-filter=\".eael-cf-decoraci\u00c3\u00b3n-de-fiestas-baby-shower\">Decoraci\u00f3n de fiestas Baby Shower<\/li>\n                                                    <li class=\"control \" data-filter=\".eael-cf-decoraci\u00c3\u00b3n-de-comuniones\">Decoraci\u00f3n de comuniones<\/li>\n                                                    <li class=\"control \" data-filter=\".eael-cf-decoraci\u00c3\u00b3n-de-locales-comerciales\">Decoraci\u00f3n de locales comerciales<\/li>\n                                            <\/ul>\n                <\/div>\n\n                <form class=\"fg-layout-3-search-box\" id=\"fg-layout-3-search-box\" autocomplete=\"off\">\n                    <input type=\"text\" id=\"fg-search-box-input\" name=\"fg-frontend-search\" placeholder=\"Buscar elemento de la galer\u00eda...\" \/>\n                <\/form>\n\n            <\/div>\n            \n            <div class=\"eael-filter-gallery-container eael-filter-gallery-grid\" data-images-per-page=\"6\" data-total-gallery-items=\"6\" data-nomore-item-text=\"\u00a1No hay m\u00e1s elementos!\" data-settings=\"{&quot;grid_style&quot;:&quot;grid&quot;,&quot;popup&quot;:null,&quot;duration&quot;:500,&quot;gallery_enabled&quot;:&quot;yes&quot;,&quot;post_id&quot;:6,&quot;widget_id&quot;:&quot;03e55df&quot;}\" data-gallery-items=\"[&quot;\\u003Cdiv class=\\u0022eael-filterable-gallery-item-wrap eael-cf-decoraci\u00c3\u00b3n-de-bodas\\u0022 data-search-key=\\u0022decoraci\u00d3n-de-bodas\\u0022\\u003E\\u003Cdiv class=\\u0022fg-layout-3-item eael-gallery-grid-item\\u0022\\u003E\\u003Ca href=\\u0022http:\\\/\\\/decorotuevento.es\\\/wp-content\\\/uploads\\\/2021\\\/06\\\/IMG_20200913_135129_880-scaled.jpg\\u0022 class=\\u0022eael-magnific-link media-content-wrap active\\u0022 data-elementor-open-lightbox=\\u0022no\\u0022\\u003E\\u003Cdiv class=\\u0022gallery-item-thumbnail-wrap fg-layout-3-item-thumb\\u0022\\u003E\\u003Cimg src=\\u0022http:\\\/\\\/decorotuevento.es\\\/wp-content\\\/uploads\\\/2021\\\/06\\\/IMG_20200913_135129_880-scaled.jpg\\u0022 data-lazy-src=\\u0022http:\\\/\\\/decorotuevento.es\\\/wp-content\\\/uploads\\\/2021\\\/06\\\/IMG_20200913_135129_880-scaled.jpg\\u0022 alt=\\u0022Detalle de decoraci\u00f3n de boda\\u0022 class=\\u0022gallery-item-thumbnail\\u0022\\u003E\\u003Cdiv class=\\u0022gallery-item-caption-wrap card-hover-bg caption-style-hoverer\\u0022\\u003E\\u003Cdiv class=\\u0022fg-caption-head\\u0022\\u003E\\u003C\\\/div\\u003E\\u003C\\\/div\\u003E\\u003C\\\/div\\u003E\\u003C\\\/a\\u003E\\u003Cdiv class=\\u0022fg-layout-3-item-content\\u0022\\u003E\\u003Cdiv class=\\u0022fg-item-category\\u0022\\u003E\\u003Cspan\\u003EDecoraci\u00f3n de bodas\\u003C\\\/span\\u003E\\u003C\\\/div\\u003E\\u003Ch5 class=\\u0022fg-item-title\\u0022\\u003EDECORACI\u00d3N DE BODAS\\u003C\\\/h5\\u003E\\u003Cdiv class=\\u0022fg-item-content\\u0022\\u003E\\u003Cp\\u003EPuedes ver algunos de nuestros trabajos en decoraci\u00f3n de bodas. \u00bfTienes alguna idea especial? Cu\u00e9ntanosla y la haremos realidad. T\u00fa preoc\u00fapate s\u00f3lo de disfrutar de ese d\u00eda tan especial.\\u003C\\\/p\\u003E\\n\\u003C\\\/div\\u003E\\u003C\\\/div\\u003E\\u003C\\\/div\\u003E\\u003C\\\/div\\u003E&quot;,&quot;\\u003Cdiv class=\\u0022eael-filterable-gallery-item-wrap eael-cf-decoraci\u00c3\u00b3n-de-cumplea\u00c3\u00b1os\\u0022 data-search-key=\\u0022decoraci\u00d3n-de-fiestas-de-cumplea\u00d1os\\u0022\\u003E\\u003Cdiv class=\\u0022fg-layout-3-item eael-gallery-grid-item\\u0022\\u003E\\u003Ca href=\\u0022http:\\\/\\\/decorotuevento.es\\\/wp-content\\\/uploads\\\/2021\\\/06\\\/IMG_20190305_140856_910-scaled.jpg\\u0022 class=\\u0022eael-magnific-link media-content-wrap active\\u0022 data-elementor-open-lightbox=\\u0022no\\u0022\\u003E\\u003Cdiv class=\\u0022gallery-item-thumbnail-wrap fg-layout-3-item-thumb\\u0022\\u003E\\u003Cimg src=\\u0022http:\\\/\\\/decorotuevento.es\\\/wp-content\\\/uploads\\\/2021\\\/06\\\/IMG_20190305_140856_910-scaled.jpg\\u0022 data-lazy-src=\\u0022http:\\\/\\\/decorotuevento.es\\\/wp-content\\\/uploads\\\/2021\\\/06\\\/IMG_20190305_140856_910-scaled.jpg\\u0022 alt=\\u0022Decoracion de fiesta de cumplea\u00f1os tematizada\\u0022 class=\\u0022gallery-item-thumbnail\\u0022\\u003E\\u003Cdiv class=\\u0022gallery-item-caption-wrap card-hover-bg caption-style-hoverer\\u0022\\u003E\\u003Cdiv class=\\u0022fg-caption-head\\u0022\\u003E\\u003C\\\/div\\u003E\\u003C\\\/div\\u003E\\u003C\\\/div\\u003E\\u003C\\\/a\\u003E\\u003Cdiv class=\\u0022fg-layout-3-item-content\\u0022\\u003E\\u003Cdiv class=\\u0022fg-item-category\\u0022\\u003E\\u003Cspan\\u003EDecoraci\u00f3n de cumplea\u00f1os\\u003C\\\/span\\u003E\\u003C\\\/div\\u003E\\u003Ch5 class=\\u0022fg-item-title\\u0022\\u003EDECORACI\u00d3N DE FIESTAS DE CUMPLEA\u00d1OS\\u003C\\\/h5\\u003E\\u003Cdiv class=\\u0022fg-item-content\\u0022\\u003E\\u003Cp\\u003ELas fiestas de cumplea\u00f1os m\u00e1s especiales con las que siempre has so\u00f1ado. Sorprende a tus invitados con una fiesta de cumplea\u00f1os personalizada, con tu tem\u00e1tica favorita y celebra ese cumplea\u00f1os tan especial.\\u003C\\\/p\\u003E\\n\\u003C\\\/div\\u003E\\u003C\\\/div\\u003E\\u003C\\\/div\\u003E\\u003C\\\/div\\u003E&quot;,&quot;\\u003Cdiv class=\\u0022eael-filterable-gallery-item-wrap eael-cf-mesas-dulces\\u0022 data-search-key=\\u0022mesas-dulces\\u0022\\u003E\\u003Cdiv class=\\u0022fg-layout-3-item eael-gallery-grid-item\\u0022\\u003E\\u003Ca href=\\u0022http:\\\/\\\/decorotuevento.es\\\/wp-content\\\/uploads\\\/2021\\\/06\\\/IMG_20210505_171123_728-1-scaled.jpg\\u0022 class=\\u0022eael-magnific-link media-content-wrap active\\u0022 data-elementor-open-lightbox=\\u0022no\\u0022\\u003E\\u003Cdiv class=\\u0022gallery-item-thumbnail-wrap fg-layout-3-item-thumb\\u0022\\u003E\\u003Cimg src=\\u0022http:\\\/\\\/decorotuevento.es\\\/wp-content\\\/uploads\\\/2021\\\/06\\\/IMG_20210505_171123_728-1-scaled.jpg\\u0022 data-lazy-src=\\u0022http:\\\/\\\/decorotuevento.es\\\/wp-content\\\/uploads\\\/2021\\\/06\\\/IMG_20210505_171123_728-1-scaled.jpg\\u0022 alt=\\u0022\\u0022 class=\\u0022gallery-item-thumbnail\\u0022\\u003E\\u003Cdiv class=\\u0022gallery-item-caption-wrap card-hover-bg caption-style-hoverer\\u0022\\u003E\\u003Cdiv class=\\u0022fg-caption-head\\u0022\\u003E\\u003C\\\/div\\u003E\\u003C\\\/div\\u003E\\u003C\\\/div\\u003E\\u003C\\\/a\\u003E\\u003Cdiv class=\\u0022fg-layout-3-item-content\\u0022\\u003E\\u003Cdiv class=\\u0022fg-item-category\\u0022\\u003E\\u003Cspan\\u003EMesas dulces\\u003C\\\/span\\u003E\\u003C\\\/div\\u003E\\u003Ch5 class=\\u0022fg-item-title\\u0022\\u003EMESAS DULCES\\u003C\\\/h5\\u003E\\u003Cdiv class=\\u0022fg-item-content\\u0022\\u003E\\u003Cp\\u003ELas mesas dulces se han convertido en un elemento imprescindible en cualquier fiesta o evento con el que disfrutan ni\u00f1os y mayores. Personalizamos tu mesa dulce con tus elementos favoritos o si lo prefieres te aconsejamos sobre la decoraci\u00f3n.\\u003C\\\/p\\u003E\\n\\u003C\\\/div\\u003E\\u003C\\\/div\\u003E\\u003C\\\/div\\u003E\\u003C\\\/div\\u003E&quot;,&quot;\\u003Cdiv class=\\u0022eael-filterable-gallery-item-wrap eael-cf-decoraci\u00c3\u00b3n-de-fiestas-baby-shower\\u0022 data-search-key=\\u0022decoraci\u00d3n-fiestas-baby-shower\\u0022\\u003E\\u003Cdiv class=\\u0022fg-layout-3-item eael-gallery-grid-item\\u0022\\u003E\\u003Ca href=\\u0022http:\\\/\\\/decorotuevento.es\\\/wp-content\\\/uploads\\\/2021\\\/06\\\/babyshower2-scaled.jpg\\u0022 class=\\u0022eael-magnific-link media-content-wrap active\\u0022 data-elementor-open-lightbox=\\u0022no\\u0022\\u003E\\u003Cdiv class=\\u0022gallery-item-thumbnail-wrap fg-layout-3-item-thumb\\u0022\\u003E\\u003Cimg src=\\u0022http:\\\/\\\/decorotuevento.es\\\/wp-content\\\/uploads\\\/2021\\\/06\\\/babyshower2-scaled.jpg\\u0022 data-lazy-src=\\u0022http:\\\/\\\/decorotuevento.es\\\/wp-content\\\/uploads\\\/2021\\\/06\\\/babyshower2-scaled.jpg\\u0022 alt=\\u0022Decoraci\u00f3n de fiesta Baby Shower personalizada Babyshoer en Madrid y Toledo\\u0022 class=\\u0022gallery-item-thumbnail\\u0022\\u003E\\u003Cdiv class=\\u0022gallery-item-caption-wrap card-hover-bg caption-style-hoverer\\u0022\\u003E\\u003Cdiv class=\\u0022fg-caption-head\\u0022\\u003E\\u003C\\\/div\\u003E\\u003C\\\/div\\u003E\\u003C\\\/div\\u003E\\u003C\\\/a\\u003E\\u003Cdiv class=\\u0022fg-layout-3-item-content\\u0022\\u003E\\u003Cdiv class=\\u0022fg-item-category\\u0022\\u003E\\u003Cspan\\u003EDecoraci\u00f3n de fiestas Baby Shower\\u003C\\\/span\\u003E\\u003C\\\/div\\u003E\\u003Ch5 class=\\u0022fg-item-title\\u0022\\u003EDECORACI\u00d3N FIESTAS BABY SHOWER\\u003C\\\/h5\\u003E\\u003Cdiv class=\\u0022fg-item-content\\u0022\\u003E\\u003Cp\\u003ELas fiestas m\u00e1s de moda para preparar la bienvenida a los futuros beb\u00e9s. Estas fiestas son organizadas tanto por amigos o familiares como por los futuros padres. Personaliza tu fiesta BABY SHOWER con el nombre de tu beb\u00e9 y con preciosos elementos decorativos.\\u003C\\\/p\\u003E\\n\\u003C\\\/div\\u003E\\u003C\\\/div\\u003E\\u003C\\\/div\\u003E\\u003C\\\/div\\u003E&quot;,&quot;\\u003Cdiv class=\\u0022eael-filterable-gallery-item-wrap eael-cf-decoraci\u00c3\u00b3n-de-comuniones\\u0022 data-search-key=\\u0022decoraci\u00d3n-de-comuniones\\u0022\\u003E\\u003Cdiv class=\\u0022fg-layout-3-item eael-gallery-grid-item\\u0022\\u003E\\u003Ca href=\\u0022http:\\\/\\\/decorotuevento.es\\\/wp-content\\\/uploads\\\/2021\\\/06\\\/IMG_20210407_144128_3964-scaled.jpg\\u0022 class=\\u0022eael-magnific-link media-content-wrap active\\u0022 data-elementor-open-lightbox=\\u0022no\\u0022\\u003E\\u003Cdiv class=\\u0022gallery-item-thumbnail-wrap fg-layout-3-item-thumb\\u0022\\u003E\\u003Cimg src=\\u0022http:\\\/\\\/decorotuevento.es\\\/wp-content\\\/uploads\\\/2021\\\/06\\\/IMG_20210407_144128_3964-scaled.jpg\\u0022 data-lazy-src=\\u0022http:\\\/\\\/decorotuevento.es\\\/wp-content\\\/uploads\\\/2021\\\/06\\\/IMG_20210407_144128_3964-scaled.jpg\\u0022 alt=\\u0022Decoraci\u00f3n de comuniones en Madrid y Toledo,\\u0022 class=\\u0022gallery-item-thumbnail\\u0022\\u003E\\u003Cdiv class=\\u0022gallery-item-caption-wrap card-hover-bg caption-style-hoverer\\u0022\\u003E\\u003Cdiv class=\\u0022fg-caption-head\\u0022\\u003E\\u003C\\\/div\\u003E\\u003C\\\/div\\u003E\\u003C\\\/div\\u003E\\u003C\\\/a\\u003E\\u003Cdiv class=\\u0022fg-layout-3-item-content\\u0022\\u003E\\u003Cdiv class=\\u0022fg-item-category\\u0022\\u003E\\u003Cspan\\u003EDecoraci\u00f3n de comuniones\\u003C\\\/span\\u003E\\u003C\\\/div\\u003E\\u003Ch5 class=\\u0022fg-item-title\\u0022\\u003EDECORACI\u00d3N DE COMUNIONES\\u003C\\\/h5\\u003E\\u003Cdiv class=\\u0022fg-item-content\\u0022\\u003E\\u003Cp\\u003ELa comuni\u00f3n de nuestros peque\u00f1os como siempre has so\u00f1ado. Un d\u00eda perfecto, una decoraci\u00f3n elegante para convertir lo especial en inolvidable para ti y para tus hijos.\\u003C\\\/p\\u003E\\n\\u003C\\\/div\\u003E\\u003C\\\/div\\u003E\\u003C\\\/div\\u003E\\u003C\\\/div\\u003E&quot;,&quot;\\u003Cdiv class=\\u0022eael-filterable-gallery-item-wrap eael-cf-decoraci\u00c3\u00b3n-de-locales-comerciales\\u0022 data-search-key=\\u0022decoraci\u00d3n-de-locales-comerciales\\u0022\\u003E\\u003Cdiv class=\\u0022fg-layout-3-item eael-gallery-grid-item\\u0022\\u003E\\u003Ca href=\\u0022http:\\\/\\\/decorotuevento.es\\\/wp-content\\\/uploads\\\/2021\\\/06\\\/IMG_20201128_185434_526-scaled.jpg\\u0022 class=\\u0022eael-magnific-link media-content-wrap active\\u0022 data-elementor-open-lightbox=\\u0022no\\u0022\\u003E\\u003Cdiv class=\\u0022gallery-item-thumbnail-wrap fg-layout-3-item-thumb\\u0022\\u003E\\u003Cimg src=\\u0022http:\\\/\\\/decorotuevento.es\\\/wp-content\\\/uploads\\\/2021\\\/06\\\/IMG_20201128_185434_526-scaled.jpg\\u0022 data-lazy-src=\\u0022http:\\\/\\\/decorotuevento.es\\\/wp-content\\\/uploads\\\/2021\\\/06\\\/IMG_20201128_185434_526-scaled.jpg\\u0022 alt=\\u0022Decoracion de escaparates, decoracion de locales, decoracion de eventos en Madrid y Toledo\\u0022 class=\\u0022gallery-item-thumbnail\\u0022\\u003E\\u003Cdiv class=\\u0022gallery-item-caption-wrap card-hover-bg caption-style-hoverer\\u0022\\u003E\\u003Cdiv class=\\u0022fg-caption-head\\u0022\\u003E\\u003C\\\/div\\u003E\\u003C\\\/div\\u003E\\u003C\\\/div\\u003E\\u003C\\\/a\\u003E\\u003Cdiv class=\\u0022fg-layout-3-item-content\\u0022\\u003E\\u003Cdiv class=\\u0022fg-item-category\\u0022\\u003E\\u003Cspan\\u003EDecoraci\u00f3n de locales comerciales\\u003C\\\/span\\u003E\\u003C\\\/div\\u003E\\u003Ch5 class=\\u0022fg-item-title\\u0022\\u003EDECORACI\u00d3N DE LOCALES COMERCIALES\\u003C\\\/h5\\u003E\\u003Cdiv class=\\u0022fg-item-content\\u0022\\u003E\\u003Cp\\u003E\u00bfTienes un negocio y buscas una decoraci\u00f3n especial para un evento o por fechas especiales? Solicita informaci\u00f3n sobre la decoraci\u00f3n de eventos para tu negocio, decoraci\u00f3n de locales o la decoraci\u00f3n de escaparates, todo ello personalizado a tu gusto.\\u003C\\\/p\\u003E\\n\\u003C\\\/div\\u003E\\u003C\\\/div\\u003E\\u003C\\\/div\\u003E\\u003C\\\/div\\u003E&quot;]\" data-init-show=\"6\">\n                <div class=\"eael-filterable-gallery-item-wrap eael-cf-decoraci\u00c3\u00b3n-de-bodas\" data-search-key=\"decoraci\u00d3n-de-bodas\"><div class=\"fg-layout-3-item eael-gallery-grid-item\"><a href=\"http:\/\/decorotuevento.es\/wp-content\/uploads\/2021\/06\/IMG_20200913_135129_880-scaled.jpg\" class=\"eael-magnific-link media-content-wrap active\" data-elementor-open-lightbox=\"no\"><div class=\"gallery-item-thumbnail-wrap fg-layout-3-item-thumb\"><img src=\"https:\/\/i0.wp.com\/decorotuevento.es\/wp-content\/uploads\/2021\/06\/IMG_20200913_135129_880-scaled.jpg?w=1200\" data-lazy-src=\"https:\/\/i0.wp.com\/decorotuevento.es\/wp-content\/uploads\/2021\/06\/IMG_20200913_135129_880-scaled.jpg?w=1200\" alt=\"Detalle de decoraci\u00f3n de boda\" class=\"gallery-item-thumbnail\" data-recalc-dims=\"1\"><div class=\"gallery-item-caption-wrap card-hover-bg caption-style-hoverer\"><div class=\"fg-caption-head\"><\/div><\/div><\/div><\/a><div class=\"fg-layout-3-item-content\"><div class=\"fg-item-category\"><span>Decoraci\u00f3n de bodas<\/span><\/div><h5 class=\"fg-item-title\">DECORACI\u00d3N DE BODAS<\/h5><div class=\"fg-item-content\"><p>Puedes ver algunos de nuestros trabajos en decoraci\u00f3n de bodas. \u00bfTienes alguna idea especial? Cu\u00e9ntanosla y la haremos realidad. T\u00fa preoc\u00fapate s\u00f3lo de disfrutar de ese d\u00eda tan especial.<\/p>\n<\/div><\/div><\/div><\/div><div class=\"eael-filterable-gallery-item-wrap eael-cf-decoraci\u00c3\u00b3n-de-cumplea\u00c3\u00b1os\" data-search-key=\"decoraci\u00d3n-de-fiestas-de-cumplea\u00d1os\"><div class=\"fg-layout-3-item eael-gallery-grid-item\"><a href=\"http:\/\/decorotuevento.es\/wp-content\/uploads\/2021\/06\/IMG_20190305_140856_910-scaled.jpg\" class=\"eael-magnific-link media-content-wrap active\" data-elementor-open-lightbox=\"no\"><div class=\"gallery-item-thumbnail-wrap fg-layout-3-item-thumb\"><img src=\"https:\/\/i1.wp.com\/decorotuevento.es\/wp-content\/uploads\/2021\/06\/IMG_20190305_140856_910-scaled.jpg?w=1200\" data-lazy-src=\"https:\/\/i1.wp.com\/decorotuevento.es\/wp-content\/uploads\/2021\/06\/IMG_20190305_140856_910-scaled.jpg?w=1200\" alt=\"Decoracion de fiesta de cumplea\u00f1os tematizada\" class=\"gallery-item-thumbnail\" data-recalc-dims=\"1\"><div class=\"gallery-item-caption-wrap card-hover-bg caption-style-hoverer\"><div class=\"fg-caption-head\"><\/div><\/div><\/div><\/a><div class=\"fg-layout-3-item-content\"><div class=\"fg-item-category\"><span>Decoraci\u00f3n de cumplea\u00f1os<\/span><\/div><h5 class=\"fg-item-title\">DECORACI\u00d3N DE FIESTAS DE CUMPLEA\u00d1OS<\/h5><div class=\"fg-item-content\"><p>Las fiestas de cumplea\u00f1os m\u00e1s especiales con las que siempre has so\u00f1ado. Sorprende a tus invitados con una fiesta de cumplea\u00f1os personalizada, con tu tem\u00e1tica favorita y celebra ese cumplea\u00f1os tan especial.<\/p>\n<\/div><\/div><\/div><\/div><div class=\"eael-filterable-gallery-item-wrap eael-cf-mesas-dulces\" data-search-key=\"mesas-dulces\"><div class=\"fg-layout-3-item eael-gallery-grid-item\"><a href=\"http:\/\/decorotuevento.es\/wp-content\/uploads\/2021\/06\/IMG_20210505_171123_728-1-scaled.jpg\" class=\"eael-magnific-link media-content-wrap active\" data-elementor-open-lightbox=\"no\"><div class=\"gallery-item-thumbnail-wrap fg-layout-3-item-thumb\"><img src=\"https:\/\/i0.wp.com\/decorotuevento.es\/wp-content\/uploads\/2021\/06\/IMG_20210505_171123_728-1-scaled.jpg?w=1200\" data-lazy-src=\"https:\/\/i0.wp.com\/decorotuevento.es\/wp-content\/uploads\/2021\/06\/IMG_20210505_171123_728-1-scaled.jpg?w=1200\" alt=\"\" class=\"gallery-item-thumbnail\" data-recalc-dims=\"1\"><div class=\"gallery-item-caption-wrap card-hover-bg caption-style-hoverer\"><div class=\"fg-caption-head\"><\/div><\/div><\/div><\/a><div class=\"fg-layout-3-item-content\"><div class=\"fg-item-category\"><span>Mesas dulces<\/span><\/div><h5 class=\"fg-item-title\">MESAS DULCES<\/h5><div class=\"fg-item-content\"><p>Las mesas dulces se han convertido en un elemento imprescindible en cualquier fiesta o evento con el que disfrutan ni\u00f1os y mayores. Personalizamos tu mesa dulce con tus elementos favoritos o si lo prefieres te aconsejamos sobre la decoraci\u00f3n.<\/p>\n<\/div><\/div><\/div><\/div><div class=\"eael-filterable-gallery-item-wrap eael-cf-decoraci\u00c3\u00b3n-de-fiestas-baby-shower\" data-search-key=\"decoraci\u00d3n-fiestas-baby-shower\"><div class=\"fg-layout-3-item eael-gallery-grid-item\"><a href=\"http:\/\/decorotuevento.es\/wp-content\/uploads\/2021\/06\/babyshower2-scaled.jpg\" class=\"eael-magnific-link media-content-wrap active\" data-elementor-open-lightbox=\"no\"><div class=\"gallery-item-thumbnail-wrap fg-layout-3-item-thumb\"><img src=\"https:\/\/i2.wp.com\/decorotuevento.es\/wp-content\/uploads\/2021\/06\/babyshower2-scaled.jpg?w=1200\" data-lazy-src=\"https:\/\/i2.wp.com\/decorotuevento.es\/wp-content\/uploads\/2021\/06\/babyshower2-scaled.jpg?w=1200\" alt=\"Decoraci\u00f3n de fiesta Baby Shower personalizada Babyshoer en Madrid y Toledo\" class=\"gallery-item-thumbnail\" data-recalc-dims=\"1\"><div class=\"gallery-item-caption-wrap card-hover-bg caption-style-hoverer\"><div class=\"fg-caption-head\"><\/div><\/div><\/div><\/a><div class=\"fg-layout-3-item-content\"><div class=\"fg-item-category\"><span>Decoraci\u00f3n de fiestas Baby Shower<\/span><\/div><h5 class=\"fg-item-title\">DECORACI\u00d3N FIESTAS BABY SHOWER<\/h5><div class=\"fg-item-content\"><p>Las fiestas m\u00e1s de moda para preparar la bienvenida a los futuros beb\u00e9s. Estas fiestas son organizadas tanto por amigos o familiares como por los futuros padres. Personaliza tu fiesta BABY SHOWER con el nombre de tu beb\u00e9 y con preciosos elementos decorativos.<\/p>\n<\/div><\/div><\/div><\/div><div class=\"eael-filterable-gallery-item-wrap eael-cf-decoraci\u00c3\u00b3n-de-comuniones\" data-search-key=\"decoraci\u00d3n-de-comuniones\"><div class=\"fg-layout-3-item eael-gallery-grid-item\"><a href=\"http:\/\/decorotuevento.es\/wp-content\/uploads\/2021\/06\/IMG_20210407_144128_3964-scaled.jpg\" class=\"eael-magnific-link media-content-wrap active\" data-elementor-open-lightbox=\"no\"><div class=\"gallery-item-thumbnail-wrap fg-layout-3-item-thumb\"><img src=\"https:\/\/i2.wp.com\/decorotuevento.es\/wp-content\/uploads\/2021\/06\/IMG_20210407_144128_3964-scaled.jpg?w=1200\" data-lazy-src=\"https:\/\/i2.wp.com\/decorotuevento.es\/wp-content\/uploads\/2021\/06\/IMG_20210407_144128_3964-scaled.jpg?w=1200\" alt=\"Decoraci\u00f3n de comuniones en Madrid y Toledo,\" class=\"gallery-item-thumbnail\" data-recalc-dims=\"1\"><div class=\"gallery-item-caption-wrap card-hover-bg caption-style-hoverer\"><div class=\"fg-caption-head\"><\/div><\/div><\/div><\/a><div class=\"fg-layout-3-item-content\"><div class=\"fg-item-category\"><span>Decoraci\u00f3n de comuniones<\/span><\/div><h5 class=\"fg-item-title\">DECORACI\u00d3N DE COMUNIONES<\/h5><div class=\"fg-item-content\"><p>La comuni\u00f3n de nuestros peque\u00f1os como siempre has so\u00f1ado. Un d\u00eda perfecto, una decoraci\u00f3n elegante para convertir lo especial en inolvidable para ti y para tus hijos.<\/p>\n<\/div><\/div><\/div><\/div><div class=\"eael-filterable-gallery-item-wrap eael-cf-decoraci\u00c3\u00b3n-de-locales-comerciales\" data-search-key=\"decoraci\u00d3n-de-locales-comerciales\"><div class=\"fg-layout-3-item eael-gallery-grid-item\"><a href=\"http:\/\/decorotuevento.es\/wp-content\/uploads\/2021\/06\/IMG_20201128_185434_526-scaled.jpg\" class=\"eael-magnific-link media-content-wrap active\" data-elementor-open-lightbox=\"no\"><div class=\"gallery-item-thumbnail-wrap fg-layout-3-item-thumb\"><img src=\"https:\/\/i1.wp.com\/decorotuevento.es\/wp-content\/uploads\/2021\/06\/IMG_20201128_185434_526-scaled.jpg?w=1200\" data-lazy-src=\"https:\/\/i1.wp.com\/decorotuevento.es\/wp-content\/uploads\/2021\/06\/IMG_20201128_185434_526-scaled.jpg?w=1200\" alt=\"Decoracion de escaparates, decoracion de locales, decoracion de eventos en Madrid y Toledo\" class=\"gallery-item-thumbnail\" data-recalc-dims=\"1\"><div class=\"gallery-item-caption-wrap card-hover-bg caption-style-hoverer\"><div class=\"fg-caption-head\"><\/div><\/div><\/div><\/a><div class=\"fg-layout-3-item-content\"><div class=\"fg-item-category\"><span>Decoraci\u00f3n de locales comerciales<\/span><\/div><h5 class=\"fg-item-title\">DECORACI\u00d3N DE LOCALES COMERCIALES<\/h5><div class=\"fg-item-content\"><p>\u00bfTienes un negocio y buscas una decoraci\u00f3n especial para un evento o por fechas especiales? Solicita informaci\u00f3n sobre la decoraci\u00f3n de eventos para tu negocio, decoraci\u00f3n de locales o la decoraci\u00f3n de escaparates, todo ello personalizado a tu gusto.<\/p>\n<\/div><\/div><\/div><\/div>            <\/div>\n            \n                        <div class=\"eael-filterable-gallery-loadmore\">\n                <a href=\"#\" class=\"eael-gallery-load-more elementor-button elementor-size-sm\">\n                    <span class=\"eael-btn-loader\"><\/span>\n                                        <span class=\"eael-filterable-gallery-load-more-text\">\n                        Cargar m\u00e1s                    <\/span>\n                                                                                                        <span class=\"eael-filterable-gallery-load-more-icon fg-load-more-icon-right fas fa-plus\" aria-hidden=\"true\"><\/span>\n                                                                                        <\/a>\n            <\/div>\n                <\/div>\n        \n        \t\t<\/div>\n\t\t\t\t<\/div>\n\t\t\t\t<div class=\"elementor-element elementor-element-57c1efc elementor-widget elementor-widget-spacer\" data-id=\"57c1efc\" data-element_type=\"widget\" data-widget_type=\"spacer.default\">\n\t\t\t\t<div class=\"elementor-widget-container\">\n\t\t\t\t\t<div class=\"elementor-spacer\">\n\t\t\t<div class=\"elementor-spacer-inner\"><\/div>\n\t\t<\/div>\n\t\t\t\t<\/div>\n\t\t\t\t<\/div>\n\t\t\t\t\t<\/div>\n\t\t<\/div>\n\t\t\t\t\t\t\t<\/div>\n\t\t<\/section>\n\t\t\t\t<section class=\"elementor-section elementor-top-section elementor-element elementor-element-70b9f38 elementor-section-boxed elementor-section-height-default elementor-section-height-default\" data-id=\"70b9f38\" data-element_type=\"section\">\n\t\t\t\t\t\t<div class=\"elementor-container elementor-column-gap-default\">\n\t\t\t\t\t<div class=\"elementor-column elementor-col-100 elementor-top-column elementor-element elementor-element-5f265ca\" data-id=\"5f265ca\" data-element_type=\"column\">\n\t\t\t<div class=\"elementor-widget-wrap elementor-element-populated\">\n\t\t\t\t\t\t\t\t<div class=\"elementor-element elementor-element-6367658 elementor-widget elementor-widget-heading\" data-id=\"6367658\" data-element_type=\"widget\" data-widget_type=\"heading.default\">\n\t\t\t\t<div class=\"elementor-widget-container\">\n\t\t\t<h2 class=\"elementor-heading-title elementor-size-large\">Rese\u00f1as de clientes<\/h2>\t\t<\/div>\n\t\t\t\t<\/div>\n\t\t\t\t\t<\/div>\n\t\t<\/div>\n\t\t\t\t\t\t\t<\/div>\n\t\t<\/section>\n\t\t\t\t<section class=\"elementor-section elementor-top-section elementor-element elementor-element-46f6906 elementor-section-boxed elementor-section-height-default elementor-section-height-default\" data-id=\"46f6906\" data-element_type=\"section\">\n\t\t\t\t\t\t<div class=\"elementor-container elementor-column-gap-default\">\n\t\t\t\t\t<div class=\"elementor-column elementor-col-33 elementor-top-column elementor-element elementor-element-56b66db\" data-id=\"56b66db\" data-element_type=\"column\">\n\t\t\t<div class=\"elementor-widget-wrap elementor-element-populated\">\n\t\t\t\t\t\t\t\t<div class=\"elementor-element elementor-element-34d1c12 elementor-widget elementor-widget-testimonial\" data-id=\"34d1c12\" data-element_type=\"widget\" data-widget_type=\"testimonial.default\">\n\t\t\t\t<div class=\"elementor-widget-container\">\n\t\t\t\t\t<div class=\"elementor-testimonial-wrapper\">\n\t\t\t\t\t\t\t<div class=\"elementor-testimonial-content\">\"Todo un acierto confiar la decoraci\u00f3n de nuestra a boda a Carmen \u00a1Muchas gracias! quedamos encantados<\/div>\n\t\t\t\n\t\t\t\t\t\t<div class=\"elementor-testimonial-meta elementor-has-image elementor-testimonial-image-position-aside\">\n\t\t\t\t<div class=\"elementor-testimonial-meta-inner\">\n\t\t\t\t\t\t\t\t\t\t\t<div class=\"elementor-testimonial-image\">\n\t\t\t\t\t\t\t<img width=\"866\" height=\"1390\" src=\"https:\/\/i2.wp.com\/decorotuevento.es\/wp-content\/uploads\/2021\/06\/hermosa-pareja-de-recien-casados-caminando-en-el-bosque-recien-casados-novia-y-novio-agarrando-la-mano-en-el-bosque-de-pinos-2athccb.jpeg?fit=866%2C1390&amp;ssl=1\" class=\"attachment-full size-full\" alt=\"\" \/>\t\t\t\t\t\t<\/div>\n\t\t\t\t\t\n\t\t\t\t\t\t\t\t\t\t<div class=\"elementor-testimonial-details\">\n\t\t\t\t\t\t\t\t\t\t\t\t\t\t<div class=\"elementor-testimonial-name\">Maria<\/div>\n\t\t\t\t\t\t\t\t\t\t\t\t\t\t\t\t\t\t\t\t\t\t<div class=\"elementor-testimonial-job\">Recien casada<\/div>\n\t\t\t\t\t\t\t\t\t\t\t\t\t<\/div>\n\t\t\t\t\t\t\t\t\t<\/div>\n\t\t\t<\/div>\n\t\t\t\t\t<\/div>\n\t\t\t\t<\/div>\n\t\t\t\t<\/div>\n\t\t\t\t<div class=\"elementor-element elementor-element-243a89c elementor-star-rating--align-center elementor--star-style-star_fontawesome elementor-widget elementor-widget-star-rating\" data-id=\"243a89c\" data-element_type=\"widget\" data-widget_type=\"star-rating.default\">\n\t\t\t\t<div class=\"elementor-widget-container\">\n\t\t\t\n\t\t<div class=\"elementor-star-rating__wrapper\">\n\t\t\t\t\t\t<div class=\"elementor-star-rating\" title=\"5\/5\" itemtype=\"http:\/\/schema.org\/Rating\" itemscope=\"\" itemprop=\"reviewRating\"><i class=\"elementor-star-full\">&#xE934;<\/i><i class=\"elementor-star-full\">&#xE934;<\/i><i class=\"elementor-star-full\">&#xE934;<\/i><i class=\"elementor-star-full\">&#xE934;<\/i><i class=\"elementor-star-full\">&#xE934;<\/i> <span itemprop=\"ratingValue\" class=\"elementor-screen-only\">5\/5<\/span><\/div>\t\t<\/div>\n\t\t\t\t<\/div>\n\t\t\t\t<\/div>\n\t\t\t\t\t<\/div>\n\t\t<\/div>\n\t\t\t\t<div class=\"elementor-column elementor-col-33 elementor-top-column elementor-element elementor-element-f441a3c\" data-id=\"f441a3c\" data-element_type=\"column\">\n\t\t\t<div class=\"elementor-widget-wrap elementor-element-populated\">\n\t\t\t\t\t\t\t\t<div class=\"elementor-element elementor-element-2d492c9 elementor-widget elementor-widget-testimonial\" data-id=\"2d492c9\" data-element_type=\"widget\" data-widget_type=\"testimonial.default\">\n\t\t\t\t<div class=\"elementor-widget-container\">\n\t\t\t\t\t<div class=\"elementor-testimonial-wrapper\">\n\t\t\t\t\t\t\t<div class=\"elementor-testimonial-content\">\"Nos gust\u00f3 mucho la mesa dulce que prepar\u00f3 para mi comuni\u00f3n.<\/div>\n\t\t\t\n\t\t\t\t\t\t<div class=\"elementor-testimonial-meta elementor-has-image elementor-testimonial-image-position-aside\">\n\t\t\t\t<div class=\"elementor-testimonial-meta-inner\">\n\t\t\t\t\t\t\t\t\t\t\t<div class=\"elementor-testimonial-image\">\n\t\t\t\t\t\t\t<img width=\"1024\" height=\"682\" src=\"https:\/\/i2.wp.com\/decorotuevento.es\/wp-content\/uploads\/2021\/06\/istockphoto-957298874-1024x1024-1.jpeg?fit=1024%2C682&amp;ssl=1\" class=\"attachment-full size-full\" alt=\"\" \/>\t\t\t\t\t\t<\/div>\n\t\t\t\t\t\n\t\t\t\t\t\t\t\t\t\t<div class=\"elementor-testimonial-details\">\n\t\t\t\t\t\t\t\t\t\t\t\t\t\t<div class=\"elementor-testimonial-name\">Laura<\/div>\n\t\t\t\t\t\t\t\t\t\t\t\t\t\t\t\t\t\t\t\t\t\t<div class=\"elementor-testimonial-job\">Comunion 2021<\/div>\n\t\t\t\t\t\t\t\t\t\t\t\t\t<\/div>\n\t\t\t\t\t\t\t\t\t<\/div>\n\t\t\t<\/div>\n\t\t\t\t\t<\/div>\n\t\t\t\t<\/div>\n\t\t\t\t<\/div>\n\t\t\t\t<div class=\"elementor-element elementor-element-a066635 elementor-star-rating--align-center elementor--star-style-star_fontawesome elementor-widget elementor-widget-star-rating\" data-id=\"a066635\" data-element_type=\"widget\" data-widget_type=\"star-rating.default\">\n\t\t\t\t<div class=\"elementor-widget-container\">\n\t\t\t\n\t\t<div class=\"elementor-star-rating__wrapper\">\n\t\t\t\t\t\t<div class=\"elementor-star-rating\" title=\"5\/5\" itemtype=\"http:\/\/schema.org\/Rating\" itemscope=\"\" itemprop=\"reviewRating\"><i class=\"elementor-star-full\">&#xE934;<\/i><i class=\"elementor-star-full\">&#xE934;<\/i><i class=\"elementor-star-full\">&#xE934;<\/i><i class=\"elementor-star-full\">&#xE934;<\/i><i class=\"elementor-star-full\">&#xE934;<\/i> <span itemprop=\"ratingValue\" class=\"elementor-screen-only\">5\/5<\/span><\/div>\t\t<\/div>\n\t\t\t\t<\/div>\n\t\t\t\t<\/div>\n\t\t\t\t\t<\/div>\n\t\t<\/div>\n\t\t\t\t<div class=\"elementor-column elementor-col-33 elementor-top-column elementor-element elementor-element-541de3e\" data-id=\"541de3e\" data-element_type=\"column\">\n\t\t\t<div class=\"elementor-widget-wrap elementor-element-populated\">\n\t\t\t\t\t\t\t\t<div class=\"elementor-element elementor-element-4d4976a elementor-widget elementor-widget-testimonial\" data-id=\"4d4976a\" data-element_type=\"widget\" data-widget_type=\"testimonial.default\">\n\t\t\t\t<div class=\"elementor-widget-container\">\n\t\t\t\t\t<div class=\"elementor-testimonial-wrapper\">\n\t\t\t\t\t\t\t<div class=\"elementor-testimonial-content\">\"Altamente recomendable, la decoraci\u00f3n de nuestro local ha sido un espect\u00e1culo.<\/div>\n\t\t\t\n\t\t\t\t\t\t<div class=\"elementor-testimonial-meta elementor-has-image elementor-testimonial-image-position-aside\">\n\t\t\t\t<div class=\"elementor-testimonial-meta-inner\">\n\t\t\t\t\t\t\t\t\t\t\t<div class=\"elementor-testimonial-image\">\n\t\t\t\t\t\t\t<img width=\"1600\" height=\"992\" src=\"https:\/\/i1.wp.com\/decorotuevento.es\/wp-content\/uploads\/2021\/06\/EFEF03A5-B841-49B3-8CD9-698561974A7D-e1550580214904.jpeg?fit=1600%2C992&amp;ssl=1\" class=\"attachment-full size-full\" alt=\"\" \/>\t\t\t\t\t\t<\/div>\n\t\t\t\t\t\n\t\t\t\t\t\t\t\t\t\t<div class=\"elementor-testimonial-details\">\n\t\t\t\t\t\t\t\t\t\t\t\t\t\t<div class=\"elementor-testimonial-name\">Miguel \u00c1ngel Vela<\/div>\n\t\t\t\t\t\t\t\t\t\t\t\t\t\t\t\t\t\t\t\t\t\t<div class=\"elementor-testimonial-job\">Moda<\/div>\n\t\t\t\t\t\t\t\t\t\t\t\t\t<\/div>\n\t\t\t\t\t\t\t\t\t<\/div>\n\t\t\t<\/div>\n\t\t\t\t\t<\/div>\n\t\t\t\t<\/div>\n\t\t\t\t<\/div>\n\t\t\t\t<div class=\"elementor-element elementor-element-379eb0c elementor-star-rating--align-center elementor--star-style-star_fontawesome elementor-widget elementor-widget-star-rating\" data-id=\"379eb0c\" data-element_type=\"widget\" data-widget_type=\"star-rating.default\">\n\t\t\t\t<div class=\"elementor-widget-container\">\n\t\t\t\n\t\t<div class=\"elementor-star-rating__wrapper\">\n\t\t\t\t\t\t<div class=\"elementor-star-rating\" title=\"5\/5\" itemtype=\"http:\/\/schema.org\/Rating\" itemscope=\"\" itemprop=\"reviewRating\"><i class=\"elementor-star-full\">&#xE934;<\/i><i class=\"elementor-star-full\">&#xE934;<\/i><i class=\"elementor-star-full\">&#xE934;<\/i><i class=\"elementor-star-full\">&#xE934;<\/i><i class=\"elementor-star-full\">&#xE934;<\/i> <span itemprop=\"ratingValue\" class=\"elementor-screen-only\">5\/5<\/span><\/div>\t\t<\/div>\n\t\t\t\t<\/div>\n\t\t\t\t<\/div>\n\t\t\t\t\t<\/div>\n\t\t<\/div>\n\t\t\t\t\t\t\t<\/div>\n\t\t<\/section>\n\t\t\t\t<section class=\"elementor-section elementor-top-section elementor-element elementor-element-f880c8b elementor-section-boxed elementor-section-height-default elementor-section-height-default\" data-id=\"f880c8b\" data-element_type=\"section\">\n\t\t\t\t\t\t<div class=\"elementor-container elementor-column-gap-default\">\n\t\t\t\t\t\t\t\t<\/div>\n\t\t<\/section>\n\t\t\t\t<section class=\"elementor-section elementor-top-section elementor-element elementor-element-2b90507 elementor-section-boxed elementor-section-height-default elementor-section-height-default\" data-id=\"2b90507\" data-element_type=\"section\">\n\t\t\t\t\t\t<div class=\"elementor-container elementor-column-gap-default\">\n\t\t\t\t\t\t\t\t<\/div>\n\t\t<\/section>\n\t\t\t\t\t\t\t<\/div>\n\t\t","protected":false},"excerpt":{"rendered":"<p>Sobre nosotros \u00a0 Decoraciones de Eventos DeCarmen nace tras a\u00f1os de dedicaci\u00f3n a la actividad con cari\u00f1o, con esmero, buscando siempre las novedades, buscando la forma de impactarte a ti, nuestro cliente, y a tus invitados. Apostamos por un trato familiar, cercano pero sobre todo, profesional, discreto y efectivo. \u00a0 Nuestros Servicios Cumplea\u00f1os, fiestas privadas, [&hellip;]<\/p>\n","protected":false},"author":1,"featured_media":0,"parent":0,"menu_order":0,"comment_status":"closed","ping_status":"closed","template":"","meta":{"ngg_post_thumbnail":0,"spay_email":"","_joinchat":[]},"yoast_head":"<!-- This site is optimized with the Yoast SEO plugin v16.8 - https:\/\/yoast.com\/wordpress\/plugins\/seo\/ -->\n<title>Decoro tu evento by DeCarmen - Decoro tu evento By DeCarmen Decoraci&oacute;n de eventos, bodas, bautizos, comuniones, cumplea&ntilde;os y fiestas privadas<\/title>\n<meta name=\"robots\" content=\"index, follow, max-snippet:-1, max-image-preview:large, max-video-preview:-1\" \/>\n<link rel=\"canonical\" href=\"https:\/\/decorotuevento.es\/\" \/>\n<meta property=\"og:locale\" content=\"es_ES\" \/>\n<meta property=\"og:type\" content=\"article\" \/>\n<meta property=\"og:title\" content=\"Decoro tu evento by DeCarmen - Decoro tu evento By DeCarmen Decoraci&oacute;n de eventos, bodas, bautizos, comuniones, cumplea&ntilde;os y fiestas privadas\" \/>\n<meta property=\"og:description\" content=\"Sobre nosotros \u00a0 Decoraciones de Eventos DeCarmen nace tras a\u00f1os de dedicaci\u00f3n a la actividad con cari\u00f1o, con esmero, buscando siempre las novedades, buscando la forma de impactarte a ti, nuestro cliente, y a tus invitados. Apostamos por un trato familiar, cercano pero sobre todo, profesional, discreto y efectivo. \u00a0 Nuestros Servicios Cumplea\u00f1os, fiestas privadas, [&hellip;]\" \/>\n<meta property=\"og:url\" content=\"https:\/\/decorotuevento.es\/\" \/>\n<meta property=\"og:site_name\" content=\"Decoro tu evento By DeCarmen Decoraci&oacute;n de eventos, bodas, bautizos, comuniones, cumplea&ntilde;os y fiestas privadas\" \/>\n<meta property=\"article:modified_time\" content=\"2021-07-08T21:16:21+00:00\" \/>\n<meta property=\"og:image\" content=\"http:\/\/decorotuevento.es\/wp-content\/uploads\/2021\/06\/banner1-768x378.jpg\" \/>\n<meta name=\"twitter:card\" content=\"summary_large_image\" \/>\n<meta name=\"twitter:label1\" content=\"Tiempo de lectura\" \/>\n\t<meta name=\"twitter:data1\" content=\"9 minutos\" \/>\n<script type=\"application\/ld+json\" class=\"yoast-schema-graph\">{\"@context\":\"https:\/\/schema.org\",\"@graph\":[{\"@type\":\"WebSite\",\"@id\":\"https:\/\/decorotuevento.es\/#website\",\"url\":\"https:\/\/decorotuevento.es\/\",\"name\":\"Decoro tu evento By DeCarmen Decoraci&oacute;n de eventos, bodas, bautizos, comuniones, cumplea&ntilde;os y fiestas privadas\",\"description\":\"Decoraci&oacute;n de bodas, decoraci&oacute;n en Madrid y Toledo para todo tipo de eventos, fiestas de cumplea&ntilde;os, bautizos, bodas, comuniones, babyshower, decoraciones tematizadas, eventos de empresa etc...\",\"potentialAction\":[{\"@type\":\"SearchAction\",\"target\":{\"@type\":\"EntryPoint\",\"urlTemplate\":\"https:\/\/decorotuevento.es\/?s={search_term_string}\"},\"query-input\":\"required name=search_term_string\"}],\"inLanguage\":\"es\"},{\"@type\":\"ImageObject\",\"@id\":\"https:\/\/decorotuevento.es\/#primaryimage\",\"inLanguage\":\"es\",\"url\":\"http:\/\/decorotuevento.es\/wp-content\/uploads\/2021\/06\/banner1-768x378.jpg\",\"contentUrl\":\"http:\/\/decorotuevento.es\/wp-content\/uploads\/2021\/06\/banner1-768x378.jpg\"},{\"@type\":\"WebPage\",\"@id\":\"https:\/\/decorotuevento.es\/#webpage\",\"url\":\"https:\/\/decorotuevento.es\/\",\"name\":\"Decoro tu evento by DeCarmen - Decoro tu evento By DeCarmen Decoraci&oacute;n de eventos, bodas, bautizos, comuniones, cumplea&ntilde;os y fiestas privadas\",\"isPartOf\":{\"@id\":\"https:\/\/decorotuevento.es\/#website\"},\"primaryImageOfPage\":{\"@id\":\"https:\/\/decorotuevento.es\/#primaryimage\"},\"datePublished\":\"2021-06-17T21:58:51+00:00\",\"dateModified\":\"2021-07-08T21:16:21+00:00\",\"breadcrumb\":{\"@id\":\"https:\/\/decorotuevento.es\/#breadcrumb\"},\"inLanguage\":\"es\",\"potentialAction\":[{\"@type\":\"ReadAction\",\"target\":[\"https:\/\/decorotuevento.es\/\"]}]},{\"@type\":\"BreadcrumbList\",\"@id\":\"https:\/\/decorotuevento.es\/#breadcrumb\",\"itemListElement\":[{\"@type\":\"ListItem\",\"position\":1,\"name\":\"Portada\",\"item\":\"https:\/\/decorotuevento.es\/\"},{\"@type\":\"ListItem\",\"position\":2,\"name\":\"Decoro tu evento by DeCarmen\"}]}]}<\/script>\n<!-- \/ Yoast SEO plugin. -->","yoast_head_json":{"title":"Decoro tu evento by DeCarmen - Decoro tu evento By DeCarmen Decoraci&oacute;n de eventos, bodas, bautizos, comuniones, cumplea&ntilde;os y fiestas privadas","robots":{"index":"index","follow":"follow","max-snippet":"max-snippet:-1","max-image-preview":"max-image-preview:large","max-video-preview":"max-video-preview:-1"},"canonical":"https:\/\/decorotuevento.es\/","og_locale":"es_ES","og_type":"article","og_title":"Decoro tu evento by DeCarmen - Decoro tu evento By DeCarmen Decoraci&oacute;n de eventos, bodas, bautizos, comuniones, cumplea&ntilde;os y fiestas privadas","og_description":"Sobre nosotros \u00a0 Decoraciones de Eventos DeCarmen nace tras a\u00f1os de dedicaci\u00f3n a la actividad con cari\u00f1o, con esmero, buscando siempre las novedades, buscando la forma de impactarte a ti, nuestro cliente, y a tus invitados. Apostamos por un trato familiar, cercano pero sobre todo, profesional, discreto y efectivo. \u00a0 Nuestros Servicios Cumplea\u00f1os, fiestas privadas, [&hellip;]","og_url":"https:\/\/decorotuevento.es\/","og_site_name":"Decoro tu evento By DeCarmen Decoraci&oacute;n de eventos, bodas, bautizos, comuniones, cumplea&ntilde;os y fiestas privadas","article_modified_time":"2021-07-08T21:16:21+00:00","og_image":[{"url":"http:\/\/decorotuevento.es\/wp-content\/uploads\/2021\/06\/banner1-768x378.jpg"}],"twitter_card":"summary_large_image","twitter_misc":{"Tiempo de lectura":"9 minutos"},"schema":{"@context":"https:\/\/schema.org","@graph":[{"@type":"WebSite","@id":"https:\/\/decorotuevento.es\/#website","url":"https:\/\/decorotuevento.es\/","name":"Decoro tu evento By DeCarmen Decoraci&oacute;n de eventos, bodas, bautizos, comuniones, cumplea&ntilde;os y fiestas privadas","description":"Decoraci&oacute;n de bodas, decoraci&oacute;n en Madrid y Toledo para todo tipo de eventos, fiestas de cumplea&ntilde;os, bautizos, bodas, comuniones, babyshower, decoraciones tematizadas, eventos de empresa etc...","potentialAction":[{"@type":"SearchAction","target":{"@type":"EntryPoint","urlTemplate":"https:\/\/decorotuevento.es\/?s={search_term_string}"},"query-input":"required name=search_term_string"}],"inLanguage":"es"},{"@type":"ImageObject","@id":"https:\/\/decorotuevento.es\/#primaryimage","inLanguage":"es","url":"http:\/\/decorotuevento.es\/wp-content\/uploads\/2021\/06\/banner1-768x378.jpg","contentUrl":"http:\/\/decorotuevento.es\/wp-content\/uploads\/2021\/06\/banner1-768x378.jpg"},{"@type":"WebPage","@id":"https:\/\/decorotuevento.es\/#webpage","url":"https:\/\/decorotuevento.es\/","name":"Decoro tu evento by DeCarmen - Decoro tu evento By DeCarmen Decoraci&oacute;n de eventos, bodas, bautizos, comuniones, cumplea&ntilde;os y fiestas privadas","isPartOf":{"@id":"https:\/\/decorotuevento.es\/#website"},"primaryImageOfPage":{"@id":"https:\/\/decorotuevento.es\/#primaryimage"},"datePublished":"2021-06-17T21:58:51+00:00","dateModified":"2021-07-08T21:16:21+00:00","breadcrumb":{"@id":"https:\/\/decorotuevento.es\/#breadcrumb"},"inLanguage":"es","potentialAction":[{"@type":"ReadAction","target":["https:\/\/decorotuevento.es\/"]}]},{"@type":"BreadcrumbList","@id":"https:\/\/decorotuevento.es\/#breadcrumb","itemListElement":[{"@type":"ListItem","position":1,"name":"Portada","item":"https:\/\/decorotuevento.es\/"},{"@type":"ListItem","position":2,"name":"Decoro tu evento by DeCarmen"}]}]}},"jetpack-related-posts":[{"id":7,"url":"https:\/\/decorotuevento.es\/index.php\/contacto-decoracion-de-bodas-sencillas-y-economicas\/","url_meta":{"origin":6,"position":0},"title":"Contacto","date":"17 de junio de 2021","format":false,"excerpt":"Contacta con nosotros para contratar la decoraci\u00f3n de tu boda sencilla y econ\u00f3mica o si lo prefieres con un dise\u00f1o sofisticado, o con un dise\u00f1o moderno, \u00bfQuiz\u00e1s un dise\u00f1o de decoraci\u00f3n de tu boda tematizado con tu pel\u00edcula o afici\u00f3n favorita? \u00bfDeseas conocer todas las posibilidades en decoraci\u00f3n de eventos\u2026","rel":"","context":"Entrada similar","img":{"alt_text":"","src":"","width":0,"height":0},"classes":[]},{"id":463,"url":"https:\/\/decorotuevento.es\/index.php\/decoracion-de-bodas\/","url_meta":{"origin":6,"position":1},"title":"Decoraci\u00f3n de bodas","date":"6 de julio de 2021","format":false,"excerpt":"decoraci\u00f3n de bodas Decoro tu evento By decarmen Decoraci\u00f3n de bodasBy De Carmen Cada evento, cada boda es \u00fanica e individual como lo son nuestros clientes. Se trata de crear experiencias inolvidables. Para que las emociones fluyan, cada detalle debe estar perfectamente coordinado. \"Con Decoraci\u00f3n de eventos De Carmen a\u2026","rel":"","context":"Entrada similar","img":{"alt_text":"","src":"https:\/\/i1.wp.com\/decorotuevento.es\/wp-content\/uploads\/2021\/07\/cover-2.jpg?fit=888%2C888&ssl=1&resize=350%2C200","width":350,"height":200},"classes":[]}],"_links":{"self":[{"href":"https:\/\/decorotuevento.es\/index.php\/wp-json\/wp\/v2\/pages\/6"}],"collection":[{"href":"https:\/\/decorotuevento.es\/index.php\/wp-json\/wp\/v2\/pages"}],"about":[{"href":"https:\/\/decorotuevento.es\/index.php\/wp-json\/wp\/v2\/types\/page"}],"author":[{"embeddable":true,"href":"https:\/\/decorotuevento.es\/index.php\/wp-json\/wp\/v2\/users\/1"}],"replies":[{"embeddable":true,"href":"https:\/\/decorotuevento.es\/index.php\/wp-json\/wp\/v2\/comments?post=6"}],"version-history":[{"count":250,"href":"https:\/\/decorotuevento.es\/index.php\/wp-json\/wp\/v2\/pages\/6\/revisions"}],"predecessor-version":[{"id":619,"href":"https:\/\/decorotuevento.es\/index.php\/wp-json\/wp\/v2\/pages\/6\/revisions\/619"}],"wp:attachment":[{"href":"https:\/\/decorotuevento.es\/index.php\/wp-json\/wp\/v2\/media?parent=6"}],"curies":[{"name":"wp","href":"https:\/\/api.w.org\/{rel}","templated":true}]}}